{"id":2478,"date":"2024-08-02T18:09:52","date_gmt":"2024-08-02T21:09:52","guid":{"rendered":"https:\/\/latamcongress.straumann.com\/home-es-new\/"},"modified":"2025-05-22T14:45:12","modified_gmt":"2025-05-22T17:45:12","slug":"home-es-new","status":"publish","type":"page","link":"https:\/\/latamcongress.straumann.com\/es\/","title":{"rendered":"Home ES New"},"content":{"rendered":"\t\t<div data-elementor-type=\"wp-page\" data-elementor-id=\"2478\" class=\"elementor elementor-2478 elementor-2132\" data-elementor-post-type=\"page\">\n\t\t\t\t<div class=\"elementor-element elementor-element-7070e4c e-flex e-con-boxed e-con e-parent\" data-id=\"7070e4c\" data-element_type=\"container\" data-settings=\"{&quot;background_background&quot;:&quot;video&quot;,&quot;background_video_link&quot;:&quot;https:\\\/\\\/latamcongress.straumann.com\\\/wp-content\\\/uploads\\\/2024\\\/08\\\/Loop-latam.mp4&quot;,&quot;jet_parallax_layout_list&quot;:[]}\">\n\t\t\t\t\t<div class=\"e-con-inner\">\n\t\t<div class=\"elementor-background-video-container elementor-hidden-mobile\">\n\t\t\t\t\t\t\t<video class=\"elementor-background-video-hosted\" autoplay muted playsinline loop><\/video>\n\t\t\t\t\t<\/div>\t\t<div class=\"elementor-element elementor-element-a2c6213 elementor-widget elementor-widget-heading\" data-id=\"a2c6213\" data-element_type=\"widget\" data-widget_type=\"heading.default\">\n\t\t\t\t<div class=\"elementor-widget-container\">\n\t\t\t\t\t<p class=\"elementor-heading-title elementor-size-default\">8 y 9 de mayo 2025, Hotel Paradisus Palma Real, Punta Cana<\/p>\t\t\t\t<\/div>\n\t\t\t\t<\/div>\n\t\t\t\t<div class=\"elementor-element elementor-element-b3e62e8 elementor-widget elementor-widget-heading\" data-id=\"b3e62e8\" data-element_type=\"widget\" data-widget_type=\"heading.default\">\n\t\t\t\t<div class=\"elementor-widget-container\">\n\t\t\t\t\t<p class=\"elementor-heading-title elementor-size-default\">STRAUMANN LATAM CONGRESS<\/p>\t\t\t\t<\/div>\n\t\t\t\t<\/div>\n\t\t\t\t<div class=\"elementor-element elementor-element-b3ba82b elementor-widget__width-initial elementor-widget elementor-widget-text-editor\" data-id=\"b3ba82b\" data-element_type=\"widget\" data-widget_type=\"text-editor.default\">\n\t\t\t\t<div class=\"elementor-widget-container\">\n\t\t\t\t\t\t\t\t\t<p><span style=\"font-weight: 400;\">Un evento inolvidable, con networking y discusiones cient\u00edficas al nivel del l\u00edder global de confianza en implantolog\u00eda.<\/span><\/p>\n\t\t\t\t\t\t\t\t<\/div>\n\t\t\t\t<\/div>\n\t\t\t\t<div class=\"elementor-element elementor-element-87428e5 elementor-widget elementor-widget-button\" data-id=\"87428e5\" data-element_type=\"widget\" data-widget_type=\"button.default\">\n\t\t\t\t<div class=\"elementor-widget-container\">\n\t\t\t\t\t\t\t\t\t<div class=\"elementor-button-wrapper\">\n\t\t\t\t\t<a class=\"elementor-button elementor-button-link elementor-size-sm elementor-animation-grow\" href=\"https:\/\/drive.google.com\/drive\/folders\/1xUf8igTo-W0cpc39urNeM9A5GaXUEDFv\">\n\t\t\t\t\t\t<span class=\"elementor-button-content-wrapper\">\n\t\t\t\t\t\t\t\t\t<span class=\"elementor-button-text\">FOTOS DEL EVENTO<\/span>\n\t\t\t\t\t<\/span>\n\t\t\t\t\t<\/a>\n\t\t\t\t<\/div>\n\t\t\t\t\t\t\t\t<\/div>\n\t\t\t\t<\/div>\n\t\t\t\t\t<\/div>\n\t\t\t\t<\/div>\n\t\t<div class=\"elementor-element elementor-element-4ed49f4 e-flex e-con-boxed e-con e-parent\" data-id=\"4ed49f4\" data-element_type=\"container\" data-settings=\"{&quot;background_background&quot;:&quot;classic&quot;,&quot;jet_parallax_layout_list&quot;:[]}\">\n\t\t\t\t\t<div class=\"e-con-inner\">\n\t\t<div class=\"elementor-element elementor-element-0dd8e65 e-flex e-con-boxed e-con e-child\" data-id=\"0dd8e65\" data-element_type=\"container\" data-settings=\"{&quot;background_background&quot;:&quot;classic&quot;,&quot;jet_parallax_layout_list&quot;:[]}\">\n\t\t\t\t\t<div class=\"e-con-inner\">\n\t\t\t\t<div class=\"elementor-element elementor-element-0469f28 elementor-widget elementor-widget-video\" data-id=\"0469f28\" data-element_type=\"widget\" data-settings=\"{&quot;youtube_url&quot;:&quot;https:\\\/\\\/youtu.be\\\/VmJXDPaRvhg&quot;,&quot;video_type&quot;:&quot;youtube&quot;}\" data-widget_type=\"video.default\">\n\t\t\t\t<div class=\"elementor-widget-container\">\n\t\t\t\t\t\t\t<div class=\"elementor-wrapper elementor-open-inline\">\n\t\t\t<div class=\"elementor-video\"><\/div>\t\t<\/div>\n\t\t\t\t\t\t<\/div>\n\t\t\t\t<\/div>\n\t\t\t\t\t<\/div>\n\t\t\t\t<\/div>\n\t\t\t\t\t<\/div>\n\t\t\t\t<\/div>\n\t\t<div class=\"elementor-element elementor-element-c14a8d1 e-flex e-con-boxed e-con e-parent\" data-id=\"c14a8d1\" data-element_type=\"container\" data-settings=\"{&quot;background_background&quot;:&quot;classic&quot;,&quot;jet_parallax_layout_list&quot;:[]}\">\n\t\t\t\t\t<div class=\"e-con-inner\">\n\t\t<div class=\"elementor-element elementor-element-6d46ea6 e-con-full e-flex e-con e-child\" data-id=\"6d46ea6\" data-element_type=\"container\" data-settings=\"{&quot;jet_parallax_layout_list&quot;:[]}\">\n\t\t\t\t<\/div>\n\t\t<div class=\"elementor-element elementor-element-77d89fb e-con-full e-flex e-con e-child\" data-id=\"77d89fb\" data-element_type=\"container\" data-settings=\"{&quot;jet_parallax_layout_list&quot;:[]}\">\n\t\t\t\t<div class=\"elementor-element elementor-element-b409015 elementor-widget elementor-widget-heading\" data-id=\"b409015\" data-element_type=\"widget\" data-widget_type=\"heading.default\">\n\t\t\t\t<div class=\"elementor-widget-container\">\n\t\t\t\t\t<h2 class=\"elementor-heading-title elementor-size-default\">EL <span>PRINCIPAL EVENTO<\/span> DE IMPLANTOLOG\u00cdA DENTAL<\/h2>\t\t\t\t<\/div>\n\t\t\t\t<\/div>\n\t\t\t\t<div class=\"elementor-element elementor-element-2fe683d elementor-widget elementor-widget-text-editor\" data-id=\"2fe683d\" data-element_type=\"widget\" data-widget_type=\"text-editor.default\">\n\t\t\t\t<div class=\"elementor-widget-container\">\n\t\t\t\t\t\t\t\t\t<p>El Straumann Latam Congress presenta lo mejor en innovaci\u00f3n, ciencia, est\u00e9tica y transformaci\u00f3n digital en un lugar excepcional. Una oportunidad exclusiva para conectar con los principales ponentes y estar en contacto con la superioridad tecnol\u00f3gica de Straumann.<\/p>\n\t\t\t\t\t\t\t\t<\/div>\n\t\t\t\t<\/div>\n\t\t<div class=\"elementor-element elementor-element-f62529b e-flex e-con-boxed e-con e-child\" data-id=\"f62529b\" data-element_type=\"container\" data-settings=\"{&quot;jet_parallax_layout_list&quot;:[]}\">\n\t\t\t\t\t<div class=\"e-con-inner\">\n\t\t\t\t<div class=\"elementor-element elementor-element-56c505e elementor-widget elementor-widget-button\" data-id=\"56c505e\" data-element_type=\"widget\" data-widget_type=\"button.default\">\n\t\t\t\t<div class=\"elementor-widget-container\">\n\t\t\t\t\t\t\t\t\t<div class=\"elementor-button-wrapper\">\n\t\t\t\t\t<a class=\"elementor-button elementor-button-link elementor-size-sm elementor-animation-grow\" href=\"https:\/\/latamcongress.straumann.com\/es\/cronograma\/\">\n\t\t\t\t\t\t<span class=\"elementor-button-content-wrapper\">\n\t\t\t\t\t\t\t\t\t<span class=\"elementor-button-text\">Cronograma<\/span>\n\t\t\t\t\t<\/span>\n\t\t\t\t\t<\/a>\n\t\t\t\t<\/div>\n\t\t\t\t\t\t\t\t<\/div>\n\t\t\t\t<\/div>\n\t\t\t\t<div class=\"elementor-element elementor-element-0528cf6 elementor-widget elementor-widget-button\" data-id=\"0528cf6\" data-element_type=\"widget\" data-widget_type=\"button.default\">\n\t\t\t\t<div class=\"elementor-widget-container\">\n\t\t\t\t\t\t\t\t\t<div class=\"elementor-button-wrapper\">\n\t\t\t\t\t<a class=\"elementor-button elementor-button-link elementor-size-sm elementor-animation-grow\" href=\"https:\/\/latamcongress.straumann.com\/es\/el-congreso\/\">\n\t\t\t\t\t\t<span class=\"elementor-button-content-wrapper\">\n\t\t\t\t\t\t\t\t\t<span class=\"elementor-button-text\">m\u00e1s informaci\u00f3n disponible.<\/span>\n\t\t\t\t\t<\/span>\n\t\t\t\t\t<\/a>\n\t\t\t\t<\/div>\n\t\t\t\t\t\t\t\t<\/div>\n\t\t\t\t<\/div>\n\t\t\t\t\t<\/div>\n\t\t\t\t<\/div>\n\t\t\t\t<\/div>\n\t\t\t\t\t<\/div>\n\t\t\t\t<\/div>\n\t\t<div class=\"elementor-element elementor-element-68a3835 e-flex e-con-boxed e-con e-parent\" data-id=\"68a3835\" data-element_type=\"container\" data-settings=\"{&quot;background_background&quot;:&quot;classic&quot;,&quot;jet_parallax_layout_list&quot;:[]}\">\n\t\t\t\t\t<div class=\"e-con-inner\">\n\t\t<div class=\"elementor-element elementor-element-36f264c e-con-full e-flex e-con e-child\" data-id=\"36f264c\" data-element_type=\"container\" data-settings=\"{&quot;jet_parallax_layout_list&quot;:[]}\">\n\t\t\t\t<\/div>\n\t\t<div class=\"elementor-element elementor-element-1338d49 e-con-full e-flex e-con e-child\" data-id=\"1338d49\" data-element_type=\"container\" data-settings=\"{&quot;jet_parallax_layout_list&quot;:[]}\">\n\t\t\t\t<div class=\"elementor-element elementor-element-f1e5f5a elementor-widget__width-initial elementor-widget elementor-widget-heading\" data-id=\"f1e5f5a\" data-element_type=\"widget\" data-widget_type=\"heading.default\">\n\t\t\t\t<div class=\"elementor-widget-container\">\n\t\t\t\t\t<p class=\"elementor-heading-title elementor-size-default\">Una experiencia sin igual, en un entorno sin<\/p>\t\t\t\t<\/div>\n\t\t\t\t<\/div>\n\t\t\t\t<div class=\"elementor-element elementor-element-1c493df elementor-widget elementor-widget-heading\" data-id=\"1c493df\" data-element_type=\"widget\" data-widget_type=\"heading.default\">\n\t\t\t\t<div class=\"elementor-widget-container\">\n\t\t\t\t\t<p class=\"elementor-heading-title elementor-size-default\">PRECEDENTES<\/p>\t\t\t\t<\/div>\n\t\t\t\t<\/div>\n\t\t\t\t<div class=\"elementor-element elementor-element-b11bc44 elementor-widget elementor-widget-text-editor\" data-id=\"b11bc44\" data-element_type=\"widget\" data-widget_type=\"text-editor.default\">\n\t\t\t\t<div class=\"elementor-widget-container\">\n\t\t\t\t\t\t\t\t\t<p>En el coraz\u00f3n del Caribe, Punta Cana ofrece un entorno inolvidable para el congreso. Descubre playas de arena blanca, participa en actividades emocionantes y saborea la rica cultura local. Disfruta no solo del evento, sino tambi\u00e9n de las maravillas naturales y los momentos especiales que ofrece Punta Cana.<\/p>\n\t\t\t\t\t\t\t\t<\/div>\n\t\t\t\t<\/div>\n\t\t<div class=\"elementor-element elementor-element-d9e2151 e-flex e-con-boxed e-con e-child\" data-id=\"d9e2151\" data-element_type=\"container\" data-settings=\"{&quot;jet_parallax_layout_list&quot;:[]}\">\n\t\t\t\t\t<div class=\"e-con-inner\">\n\t\t\t\t<div class=\"elementor-element elementor-element-9f460c6 elementor-widget elementor-widget-button\" data-id=\"9f460c6\" data-element_type=\"widget\" data-widget_type=\"button.default\">\n\t\t\t\t<div class=\"elementor-widget-container\">\n\t\t\t\t\t\t\t\t\t<div class=\"elementor-button-wrapper\">\n\t\t\t\t\t<a class=\"elementor-button elementor-button-link elementor-size-sm elementor-animation-grow\" href=\"https:\/\/latamcongress.straumann.com\/es\/informacion\/\">\n\t\t\t\t\t\t<span class=\"elementor-button-content-wrapper\">\n\t\t\t\t\t\t\t\t\t<span class=\"elementor-button-text\">m\u00e1s informaci\u00f3n disponible.<\/span>\n\t\t\t\t\t<\/span>\n\t\t\t\t\t<\/a>\n\t\t\t\t<\/div>\n\t\t\t\t\t\t\t\t<\/div>\n\t\t\t\t<\/div>\n\t\t\t\t\t<\/div>\n\t\t\t\t<\/div>\n\t\t\t\t<\/div>\n\t\t\t\t\t<\/div>\n\t\t\t\t<\/div>\n\t\t<div class=\"elementor-element elementor-element-4f5c7f0 e-flex e-con-boxed e-con e-parent\" data-id=\"4f5c7f0\" data-element_type=\"container\" data-settings=\"{&quot;jet_parallax_layout_list&quot;:[],&quot;background_background&quot;:&quot;classic&quot;}\">\n\t\t\t\t\t<div class=\"e-con-inner\">\n\t\t<div class=\"elementor-element elementor-element-e679edf e-con-full e-flex e-con e-child\" data-id=\"e679edf\" data-element_type=\"container\" data-settings=\"{&quot;jet_parallax_layout_list&quot;:[]}\">\n\t\t\t\t<div class=\"elementor-element elementor-element-b34da43 elementor-widget elementor-widget-heading\" data-id=\"b34da43\" data-element_type=\"widget\" data-widget_type=\"heading.default\">\n\t\t\t\t<div class=\"elementor-widget-container\">\n\t\t\t\t\t<p class=\"elementor-heading-title elementor-size-default\">Conozca a los <\/p>\t\t\t\t<\/div>\n\t\t\t\t<\/div>\n\t\t\t\t<div class=\"elementor-element elementor-element-4cbd543 elementor-widget elementor-widget-heading\" data-id=\"4cbd543\" data-element_type=\"widget\" data-widget_type=\"heading.default\">\n\t\t\t\t<div class=\"elementor-widget-container\">\n\t\t\t\t\t<p class=\"elementor-heading-title elementor-size-default\">PONENTES<\/p>\t\t\t\t<\/div>\n\t\t\t\t<\/div>\n\t\t\t\t<\/div>\n\t\t<div class=\"elementor-element elementor-element-4df10b6 e-con-full e-flex e-con e-child\" data-id=\"4df10b6\" data-element_type=\"container\" data-settings=\"{&quot;jet_parallax_layout_list&quot;:[]}\">\n\t\t\t\t<div class=\"elementor-element elementor-element-eeeef5d elementor-widget elementor-widget-heading\" data-id=\"eeeef5d\" data-element_type=\"widget\" data-widget_type=\"heading.default\">\n\t\t\t\t<div class=\"elementor-widget-container\">\n\t\t\t\t\t<h2 class=\"elementor-heading-title elementor-size-default\">CON\u00c9CTESE CON LOS PRINCIPALES IMPLANT\u00d3LOGOS<\/h2>\t\t\t\t<\/div>\n\t\t\t\t<\/div>\n\t\t\t\t<div class=\"elementor-element elementor-element-c6e55cc elementor-widget elementor-widget-text-editor\" data-id=\"c6e55cc\" data-element_type=\"widget\" data-widget_type=\"text-editor.default\">\n\t\t\t\t<div class=\"elementor-widget-container\">\n\t\t\t\t\t\t\t\t\t<p>Obtenga m\u00e1s informaci\u00f3n sobre los principales profesionales de Brasil y de todo el mundo que compartir\u00e1n su visi\u00f3n, experiencia y conocimientos basados en la ciencia, ofreci\u00e9ndole una oportunidad \u00fanica de aprender de los mejores, as\u00ed como de los 70 a\u00f1os de legado de Straumann y del International Team for Implantology (ITI).<\/p>\n\t\t\t\t\t\t\t\t<\/div>\n\t\t\t\t<\/div>\n\t\t\t\t<div class=\"elementor-element elementor-element-92ddc77 elementor-widget elementor-widget-button\" data-id=\"92ddc77\" data-element_type=\"widget\" data-widget_type=\"button.default\">\n\t\t\t\t<div class=\"elementor-widget-container\">\n\t\t\t\t\t\t\t\t\t<div class=\"elementor-button-wrapper\">\n\t\t\t\t\t<a class=\"elementor-button elementor-button-link elementor-size-sm elementor-animation-grow\" href=\"https:\/\/latamcongress.straumann.com\/es\/ponentes-latam-congress\/\">\n\t\t\t\t\t\t<span class=\"elementor-button-content-wrapper\">\n\t\t\t\t\t\t\t\t\t<span class=\"elementor-button-text\">CONOZCA A TODOS LOS PONENTES<\/span>\n\t\t\t\t\t<\/span>\n\t\t\t\t\t<\/a>\n\t\t\t\t<\/div>\n\t\t\t\t\t\t\t\t<\/div>\n\t\t\t\t<\/div>\n\t\t\t\t<\/div>\n\t\t\t\t\t<\/div>\n\t\t\t\t<\/div>\n\t\t<div class=\"elementor-element elementor-element-e564451 e-flex e-con-boxed e-con e-parent\" data-id=\"e564451\" data-element_type=\"container\" data-settings=\"{&quot;background_background&quot;:&quot;classic&quot;,&quot;jet_parallax_layout_list&quot;:[]}\">\n\t\t\t\t\t<div class=\"e-con-inner\">\n\t\t\t\t<div class=\"elementor-element elementor-element-091a502 elementor-widget elementor-widget-jet-listing-grid\" data-id=\"091a502\" data-element_type=\"widget\" data-settings=\"{&quot;columns&quot;:&quot;4&quot;,&quot;columns_tablet&quot;:&quot;2&quot;,&quot;columns_mobile&quot;:&quot;1&quot;}\" data-widget_type=\"jet-listing-grid.default\">\n\t\t\t\t<div class=\"elementor-widget-container\">\n\t\t\t\t\t<div class=\"jet-listing-grid jet-listing\"><div class=\"jet-listing-grid__slider\" data-slider_options=\"{&quot;autoplaySpeed&quot;:5000,&quot;autoplay&quot;:true,&quot;pauseOnHover&quot;:true,&quot;infinite&quot;:true,&quot;centerMode&quot;:false,&quot;speed&quot;:500,&quot;arrows&quot;:false,&quot;dots&quot;:true,&quot;slidesToScroll&quot;:4,&quot;prevArrow&quot;:&quot;&lt;div class=&#039;jet-listing-grid__slider-icon prev-arrow &#039; role=&#039;button&#039; aria-label=&#039;Previous&#039;&gt;&lt;svg width=&#039;180&#039; height=&#039;180&#039; viewBox=&#039;0 0 180 180&#039; fill=&#039;none&#039; xmlns=&#039;http:\\\/\\\/www.w3.org\\\/2000\\\/svg&#039;&gt;&lt;path d=&#039;M119 47.3166C119 48.185 118.668 48.9532 118.003 49.6212L78.8385 89L118.003 128.379C118.668 129.047 119 129.815 119 130.683C119 131.552 118.668 132.32 118.003 132.988L113.021 137.998C112.356 138.666 111.592 139 110.729 139C109.865 139 109.101 138.666 108.436 137.998L61.9966 91.3046C61.3322 90.6366 61 89.8684 61 89C61 88.1316 61.3322 87.3634 61.9966 86.6954L108.436 40.002C109.101 39.334 109.865 39 110.729 39C111.592 39 112.356 39.334 113.021 40.002L118.003 45.012C118.668 45.68 119 46.4482 119 47.3166Z&#039; fill=&#039;black&#039;\\\/&gt;&lt;\\\/svg&gt;&lt;\\\/div&gt;&quot;,&quot;nextArrow&quot;:&quot;&lt;div class=&#039;jet-listing-grid__slider-icon next-arrow &#039; role=&#039;button&#039; aria-label=&#039;Next&#039;&gt;&lt;svg width=&#039;180&#039; height=&#039;180&#039; viewBox=&#039;0 0 180 180&#039; fill=&#039;none&#039; xmlns=&#039;http:\\\/\\\/www.w3.org\\\/2000\\\/svg&#039;&gt;&lt;path d=&#039;M119 47.3166C119 48.185 118.668 48.9532 118.003 49.6212L78.8385 89L118.003 128.379C118.668 129.047 119 129.815 119 130.683C119 131.552 118.668 132.32 118.003 132.988L113.021 137.998C112.356 138.666 111.592 139 110.729 139C109.865 139 109.101 138.666 108.436 137.998L61.9966 91.3046C61.3322 90.6366 61 89.8684 61 89C61 88.1316 61.3322 87.3634 61.9966 86.6954L108.436 40.002C109.101 39.334 109.865 39 110.729 39C111.592 39 112.356 39.334 113.021 40.002L118.003 45.012C118.668 45.68 119 46.4482 119 47.3166Z&#039; fill=&#039;black&#039;\\\/&gt;&lt;\\\/svg&gt;&lt;\\\/div&gt;&quot;,&quot;rtl&quot;:false,&quot;itemsCount&quot;:22,&quot;fade&quot;:false,&quot;slidesToShow&quot;:{&quot;desktop&quot;:4,&quot;tablet&quot;:2,&quot;mobile&quot;:1}}\" dir=\"ltr\"><div class=\"jet-listing-grid__items grid-col-desk-4 grid-col-tablet-2 grid-col-mobile-1 jet-listing-grid--495 jet-equal-columns__wrapper\" data-queried-id=\"2478|WP_Post\" data-nav=\"{&quot;enabled&quot;:false,&quot;type&quot;:null,&quot;more_el&quot;:null,&quot;query&quot;:[],&quot;widget_settings&quot;:{&quot;lisitng_id&quot;:495,&quot;posts_num&quot;:99,&quot;columns&quot;:4,&quot;columns_tablet&quot;:2,&quot;columns_mobile&quot;:1,&quot;is_archive_template&quot;:&quot;&quot;,&quot;post_status&quot;:[&quot;publish&quot;],&quot;use_random_posts_num&quot;:&quot;&quot;,&quot;max_posts_num&quot;:9,&quot;not_found_message&quot;:&quot;No data was found&quot;,&quot;is_masonry&quot;:false,&quot;equal_columns_height&quot;:&quot;yes&quot;,&quot;use_load_more&quot;:&quot;&quot;,&quot;load_more_id&quot;:&quot;&quot;,&quot;load_more_type&quot;:&quot;click&quot;,&quot;load_more_offset&quot;:{&quot;unit&quot;:&quot;px&quot;,&quot;size&quot;:0,&quot;sizes&quot;:[]},&quot;use_custom_post_types&quot;:&quot;&quot;,&quot;custom_post_types&quot;:[],&quot;hide_widget_if&quot;:&quot;&quot;,&quot;carousel_enabled&quot;:&quot;yes&quot;,&quot;slides_to_scroll&quot;:&quot;4&quot;,&quot;arrows&quot;:&quot;true&quot;,&quot;arrow_icon&quot;:&quot;fa fa-angle-left&quot;,&quot;dots&quot;:&quot;true&quot;,&quot;autoplay&quot;:&quot;true&quot;,&quot;pause_on_hover&quot;:&quot;true&quot;,&quot;autoplay_speed&quot;:5000,&quot;infinite&quot;:&quot;true&quot;,&quot;center_mode&quot;:&quot;&quot;,&quot;effect&quot;:&quot;slide&quot;,&quot;speed&quot;:500,&quot;inject_alternative_items&quot;:&quot;&quot;,&quot;injection_items&quot;:[],&quot;scroll_slider_enabled&quot;:&quot;&quot;,&quot;scroll_slider_on&quot;:[&quot;desktop&quot;,&quot;tablet&quot;,&quot;mobile&quot;],&quot;custom_query&quot;:false,&quot;custom_query_id&quot;:&quot;&quot;,&quot;_element_id&quot;:&quot;&quot;}}\" data-page=\"1\" data-pages=\"1\" data-listing-source=\"posts\" data-listing-id=\"495\" data-query-id=\"\"><div class=\"jet-listing-grid__item jet-listing-dynamic-post-2898 jet-equal-columns\" data-post-id=\"2898\" >\t\t<div data-elementor-type=\"jet-listing-items\" data-elementor-id=\"495\" class=\"elementor elementor-495\" data-elementor-post-type=\"jet-engine\">\n\t\t\t\t<div class=\"elementor-element elementor-element-323798a e-flex e-con-boxed e-con e-parent\" data-id=\"323798a\" data-element_type=\"container\" data-settings=\"{&quot;background_background&quot;:&quot;gradient&quot;,&quot;jet_parallax_layout_list&quot;:[]}\">\n\t\t\t\t\t<div class=\"e-con-inner\">\n\t\t\t\t<div class=\"elementor-element elementor-element-cf049fa elementor-widget elementor-widget-image\" data-id=\"cf049fa\" data-element_type=\"widget\" data-widget_type=\"image.default\">\n\t\t\t\t<div class=\"elementor-widget-container\">\n\t\t\t\t\t\t\t\t\t\t\t\t\t\t\t<img fetchpriority=\"high\" decoding=\"async\" width=\"800\" height=\"800\" src=\"https:\/\/latamcongress.straumann.com\/wp-content\/uploads\/2025\/03\/sergio_piano.png\" class=\"attachment-large size-large wp-image-2893\" alt=\"\" srcset=\"https:\/\/latamcongress.straumann.com\/wp-content\/uploads\/2025\/03\/sergio_piano.png 800w, https:\/\/latamcongress.straumann.com\/wp-content\/uploads\/2025\/03\/sergio_piano-300x300.png 300w, https:\/\/latamcongress.straumann.com\/wp-content\/uploads\/2025\/03\/sergio_piano-150x150.png 150w, https:\/\/latamcongress.straumann.com\/wp-content\/uploads\/2025\/03\/sergio_piano-768x768.png 768w\" sizes=\"(max-width: 800px) 100vw, 800px\" \/>\t\t\t\t\t\t\t\t\t\t\t\t\t\t\t<\/div>\n\t\t\t\t<\/div>\n\t\t\t\t<div class=\"elementor-element elementor-element-20b1320 bandeira elementor-widget elementor-widget-image\" data-id=\"20b1320\" data-element_type=\"widget\" data-widget_type=\"image.default\">\n\t\t\t\t<div class=\"elementor-widget-container\">\n\t\t\t\t\t\t\t\t\t\t\t\t\t\t\t<img decoding=\"async\" width=\"800\" height=\"533\" src=\"https:\/\/latamcongress.straumann.com\/wp-content\/uploads\/2025\/03\/Flag_of_Italy.svg\" class=\"attachment-large size-large wp-image-2896\" alt=\"\" \/>\t\t\t\t\t\t\t\t\t\t\t\t\t\t\t<\/div>\n\t\t\t\t<\/div>\n\t\t\t\t<div class=\"elementor-element elementor-element-c99ca67 elementor-widget elementor-widget-heading\" data-id=\"c99ca67\" data-element_type=\"widget\" data-widget_type=\"heading.default\">\n\t\t\t\t<div class=\"elementor-widget-container\">\n\t\t\t\t\t<h3 class=\"elementor-heading-title elementor-size-default\">Sergio Piano<\/h3>\t\t\t\t<\/div>\n\t\t\t\t<\/div>\n\t\t\t\t<div class=\"elementor-element elementor-element-00d1450 elementor-widget elementor-widget-text-editor\" data-id=\"00d1450\" data-element_type=\"widget\" data-widget_type=\"text-editor.default\">\n\t\t\t\t<div class=\"elementor-widget-container\">\n\t\t\t\t\t\t\t\t\tPr\u00e1ctica privada y CoDE (Centro de Formaci\u00f3n Odontol\u00f3gica) en G\u00e9nova, Italia. Licenciado en Odontolog\u00eda cum laude por la Universidad de G\u00e9nova en 1988. Asistente visitante en 1991-1992 en la Universidad de Ginebra, en los Departamentos de Prostodoncia Fija (Prof. Belser), Periodoncia (Prof. Cimasoni) y Cirug\u00eda Oral (Prof. Fiore-Donno, Dr. Bernard). Miembro activo de la IAO (Academia Italiana de Osteointegraci\u00f3n) y de la IAED (Academia Italiana de Odontolog\u00eda Est\u00e9tica). Profesor contratado de implantolog\u00eda en la Universidad de G\u00e9nova. Actualmente es Presidente de la Secci\u00f3n Italiana del ITI (Equipo Internacional de Implantolog\u00eda). Ponente mundial sobre temas quir\u00fargicos y prot\u00e9sicos en implantolog\u00eda.\t\t\t\t\t\t\t\t<\/div>\n\t\t\t\t<\/div>\n\t\t\t\t\t<\/div>\n\t\t\t\t<\/div>\n\t\t\t\t<\/div>\n\t\t<\/div><div class=\"jet-listing-grid__item jet-listing-dynamic-post-931 jet-equal-columns\" data-post-id=\"931\" >\t\t<div data-elementor-type=\"jet-listing-items\" data-elementor-id=\"495\" class=\"elementor elementor-495\" data-elementor-post-type=\"jet-engine\">\n\t\t\t\t<div class=\"elementor-element elementor-element-323798a e-flex e-con-boxed e-con e-parent\" data-id=\"323798a\" data-element_type=\"container\" data-settings=\"{&quot;background_background&quot;:&quot;gradient&quot;,&quot;jet_parallax_layout_list&quot;:[]}\">\n\t\t\t\t\t<div class=\"e-con-inner\">\n\t\t\t\t<div class=\"elementor-element elementor-element-cf049fa elementor-widget elementor-widget-image\" data-id=\"cf049fa\" data-element_type=\"widget\" data-widget_type=\"image.default\">\n\t\t\t\t<div class=\"elementor-widget-container\">\n\t\t\t\t\t\t\t\t\t\t\t\t\t\t\t<img decoding=\"async\" width=\"800\" height=\"800\" src=\"https:\/\/latamcongress.straumann.com\/wp-content\/uploads\/2024\/02\/latamcongress_speakers_11.png\" class=\"attachment-large size-large wp-image-649\" alt=\"\" srcset=\"https:\/\/latamcongress.straumann.com\/wp-content\/uploads\/2024\/02\/latamcongress_speakers_11.png 800w, https:\/\/latamcongress.straumann.com\/wp-content\/uploads\/2024\/02\/latamcongress_speakers_11-300x300.png 300w, https:\/\/latamcongress.straumann.com\/wp-content\/uploads\/2024\/02\/latamcongress_speakers_11-150x150.png 150w, https:\/\/latamcongress.straumann.com\/wp-content\/uploads\/2024\/02\/latamcongress_speakers_11-768x768.png 768w\" sizes=\"(max-width: 800px) 100vw, 800px\" \/>\t\t\t\t\t\t\t\t\t\t\t\t\t\t\t<\/div>\n\t\t\t\t<\/div>\n\t\t\t\t<div class=\"elementor-element elementor-element-20b1320 bandeira elementor-widget elementor-widget-image\" data-id=\"20b1320\" data-element_type=\"widget\" data-widget_type=\"image.default\">\n\t\t\t\t<div class=\"elementor-widget-container\">\n\t\t\t\t\t\t\t\t\t\t\t\t\t\t\t<img loading=\"lazy\" decoding=\"async\" width=\"800\" height=\"422\" src=\"https:\/\/latamcongress.straumann.com\/wp-content\/uploads\/2024\/02\/27104-1024x540.jpg\" class=\"attachment-large size-large wp-image-627\" alt=\"\" srcset=\"https:\/\/latamcongress.straumann.com\/wp-content\/uploads\/2024\/02\/27104-1024x540.jpg 1024w, https:\/\/latamcongress.straumann.com\/wp-content\/uploads\/2024\/02\/27104-300x158.jpg 300w, https:\/\/latamcongress.straumann.com\/wp-content\/uploads\/2024\/02\/27104-768x405.jpg 768w, https:\/\/latamcongress.straumann.com\/wp-content\/uploads\/2024\/02\/27104-1536x811.jpg 1536w, https:\/\/latamcongress.straumann.com\/wp-content\/uploads\/2024\/02\/27104-2048x1081.jpg 2048w\" sizes=\"(max-width: 800px) 100vw, 800px\" \/>\t\t\t\t\t\t\t\t\t\t\t\t\t\t\t<\/div>\n\t\t\t\t<\/div>\n\t\t\t\t<div class=\"elementor-element elementor-element-c99ca67 elementor-widget elementor-widget-heading\" data-id=\"c99ca67\" data-element_type=\"widget\" data-widget_type=\"heading.default\">\n\t\t\t\t<div class=\"elementor-widget-container\">\n\t\t\t\t\t<h3 class=\"elementor-heading-title elementor-size-default\">Charlotte Stilwell<\/h3>\t\t\t\t<\/div>\n\t\t\t\t<\/div>\n\t\t\t\t<div class=\"elementor-element elementor-element-00d1450 elementor-widget elementor-widget-text-editor\" data-id=\"00d1450\" data-element_type=\"widget\" data-widget_type=\"text-editor.default\">\n\t\t\t\t<div class=\"elementor-widget-container\">\n\t\t\t\t\t\t\t\t\tPresident del ITI, especialista destacada en rehabilitaci\u00f3n oral (Londres) se gradu\u00f3 en el Royal Dental College leccionando en la Universidad de Ginebra y en la London School of Medicine. Integra el Consejo de Administraci\u00f3n y es miembro fundadora de WIN.\t\t\t\t\t\t\t\t<\/div>\n\t\t\t\t<\/div>\n\t\t\t\t\t<\/div>\n\t\t\t\t<\/div>\n\t\t\t\t<\/div>\n\t\t<\/div><div class=\"jet-listing-grid__item jet-listing-dynamic-post-921 jet-equal-columns\" data-post-id=\"921\" >\t\t<div data-elementor-type=\"jet-listing-items\" data-elementor-id=\"495\" class=\"elementor elementor-495\" data-elementor-post-type=\"jet-engine\">\n\t\t\t\t<div class=\"elementor-element elementor-element-323798a e-flex e-con-boxed e-con e-parent\" data-id=\"323798a\" data-element_type=\"container\" data-settings=\"{&quot;background_background&quot;:&quot;gradient&quot;,&quot;jet_parallax_layout_list&quot;:[]}\">\n\t\t\t\t\t<div class=\"e-con-inner\">\n\t\t\t\t<div class=\"elementor-element elementor-element-cf049fa elementor-widget elementor-widget-image\" data-id=\"cf049fa\" data-element_type=\"widget\" data-widget_type=\"image.default\">\n\t\t\t\t<div class=\"elementor-widget-container\">\n\t\t\t\t\t\t\t\t\t\t\t\t\t\t\t<img loading=\"lazy\" decoding=\"async\" width=\"800\" height=\"800\" src=\"https:\/\/latamcongress.straumann.com\/wp-content\/uploads\/2024\/02\/latamcongress_speakers_14.png\" class=\"attachment-large size-large wp-image-708\" alt=\"\" srcset=\"https:\/\/latamcongress.straumann.com\/wp-content\/uploads\/2024\/02\/latamcongress_speakers_14.png 800w, https:\/\/latamcongress.straumann.com\/wp-content\/uploads\/2024\/02\/latamcongress_speakers_14-300x300.png 300w, https:\/\/latamcongress.straumann.com\/wp-content\/uploads\/2024\/02\/latamcongress_speakers_14-150x150.png 150w, https:\/\/latamcongress.straumann.com\/wp-content\/uploads\/2024\/02\/latamcongress_speakers_14-768x768.png 768w\" sizes=\"(max-width: 800px) 100vw, 800px\" \/>\t\t\t\t\t\t\t\t\t\t\t\t\t\t\t<\/div>\n\t\t\t\t<\/div>\n\t\t\t\t<div class=\"elementor-element elementor-element-20b1320 bandeira elementor-widget elementor-widget-image\" data-id=\"20b1320\" data-element_type=\"widget\" data-widget_type=\"image.default\">\n\t\t\t\t<div class=\"elementor-widget-container\">\n\t\t\t\t\t\t\t\t\t\t\t\t\t\t\t<img loading=\"lazy\" decoding=\"async\" width=\"61\" height=\"35\" src=\"https:\/\/latamcongress.straumann.com\/wp-content\/uploads\/2024\/01\/flag_brazil-2.png\" class=\"attachment-large size-large wp-image-449\" alt=\"\" \/>\t\t\t\t\t\t\t\t\t\t\t\t\t\t\t<\/div>\n\t\t\t\t<\/div>\n\t\t\t\t<div class=\"elementor-element elementor-element-c99ca67 elementor-widget elementor-widget-heading\" data-id=\"c99ca67\" data-element_type=\"widget\" data-widget_type=\"heading.default\">\n\t\t\t\t<div class=\"elementor-widget-container\">\n\t\t\t\t\t<h3 class=\"elementor-heading-title elementor-size-default\">Leandro Nunes<\/h3>\t\t\t\t<\/div>\n\t\t\t\t<\/div>\n\t\t\t\t<div class=\"elementor-element elementor-element-00d1450 elementor-widget elementor-widget-text-editor\" data-id=\"00d1450\" data-element_type=\"widget\" data-widget_type=\"text-editor.default\">\n\t\t\t\t<div class=\"elementor-widget-container\">\n\t\t\t\t\t\t\t\t\tEspecialista en Cirurgia Bucomaxilofacial ULBRA-RS, maestr\u00eda en Cirurg\u00eda Bucomaxilofacial USC-Bauru, doctor en Cirurg\u00eda Bucomaxilofacial PUC-RS. En el ITI atua como Scholar na Universidade de Bern (Suiza), Chairman Brasil, Fellow y Study Club Director.Miembro EAO y CoDE Straumann.\t\t\t\t\t\t\t\t<\/div>\n\t\t\t\t<\/div>\n\t\t\t\t\t<\/div>\n\t\t\t\t<\/div>\n\t\t\t\t<\/div>\n\t\t<\/div><div class=\"jet-listing-grid__item jet-listing-dynamic-post-1132 jet-equal-columns\" data-post-id=\"1132\" >\t\t<div data-elementor-type=\"jet-listing-items\" data-elementor-id=\"495\" class=\"elementor elementor-495\" data-elementor-post-type=\"jet-engine\">\n\t\t\t\t<div class=\"elementor-element elementor-element-323798a e-flex e-con-boxed e-con e-parent\" data-id=\"323798a\" data-element_type=\"container\" data-settings=\"{&quot;background_background&quot;:&quot;gradient&quot;,&quot;jet_parallax_layout_list&quot;:[]}\">\n\t\t\t\t\t<div class=\"e-con-inner\">\n\t\t\t\t<div class=\"elementor-element elementor-element-cf049fa elementor-widget elementor-widget-image\" data-id=\"cf049fa\" data-element_type=\"widget\" data-widget_type=\"image.default\">\n\t\t\t\t<div class=\"elementor-widget-container\">\n\t\t\t\t\t\t\t\t\t\t\t\t\t\t\t<img loading=\"lazy\" decoding=\"async\" width=\"550\" height=\"550\" src=\"https:\/\/latamcongress.straumann.com\/wp-content\/uploads\/2024\/03\/alessandro_januario.png\" class=\"attachment-large size-large wp-image-1138\" alt=\"\" srcset=\"https:\/\/latamcongress.straumann.com\/wp-content\/uploads\/2024\/03\/alessandro_januario.png 550w, https:\/\/latamcongress.straumann.com\/wp-content\/uploads\/2024\/03\/alessandro_januario-300x300.png 300w, https:\/\/latamcongress.straumann.com\/wp-content\/uploads\/2024\/03\/alessandro_januario-150x150.png 150w\" sizes=\"(max-width: 550px) 100vw, 550px\" \/>\t\t\t\t\t\t\t\t\t\t\t\t\t\t\t<\/div>\n\t\t\t\t<\/div>\n\t\t\t\t<div class=\"elementor-element elementor-element-20b1320 bandeira elementor-widget elementor-widget-image\" data-id=\"20b1320\" data-element_type=\"widget\" data-widget_type=\"image.default\">\n\t\t\t\t<div class=\"elementor-widget-container\">\n\t\t\t\t\t\t\t\t\t\t\t\t\t\t\t<img loading=\"lazy\" decoding=\"async\" width=\"61\" height=\"35\" src=\"https:\/\/latamcongress.straumann.com\/wp-content\/uploads\/2024\/01\/flag_brazil-2.png\" class=\"attachment-large size-large wp-image-449\" alt=\"\" \/>\t\t\t\t\t\t\t\t\t\t\t\t\t\t\t<\/div>\n\t\t\t\t<\/div>\n\t\t\t\t<div class=\"elementor-element elementor-element-c99ca67 elementor-widget elementor-widget-heading\" data-id=\"c99ca67\" data-element_type=\"widget\" data-widget_type=\"heading.default\">\n\t\t\t\t<div class=\"elementor-widget-container\">\n\t\t\t\t\t<h3 class=\"elementor-heading-title elementor-size-default\">Alessandro Janu\u00e1rio<\/h3>\t\t\t\t<\/div>\n\t\t\t\t<\/div>\n\t\t\t\t<div class=\"elementor-element elementor-element-00d1450 elementor-widget elementor-widget-text-editor\" data-id=\"00d1450\" data-element_type=\"widget\" data-widget_type=\"text-editor.default\">\n\t\t\t\t<div class=\"elementor-widget-container\">\n\t\t\t\t\t\t\t\t\tEspecialista en Periodoncia e Implantolog\u00eda, maestr\u00eda y doctorado por la Unicamp. Profesor y coordinador de cursos en la instituci\u00f3n  Aria, director del curso de Odontolog\u00eda en Brasilia. Delegado de Educaci\u00f3n en ITI Brasil.\r\n\t\t\t\t\t\t\t\t<\/div>\n\t\t\t\t<\/div>\n\t\t\t\t\t<\/div>\n\t\t\t\t<\/div>\n\t\t\t\t<\/div>\n\t\t<\/div><div class=\"jet-listing-grid__item jet-listing-dynamic-post-920 jet-equal-columns\" data-post-id=\"920\" >\t\t<div data-elementor-type=\"jet-listing-items\" data-elementor-id=\"495\" class=\"elementor elementor-495\" data-elementor-post-type=\"jet-engine\">\n\t\t\t\t<div class=\"elementor-element elementor-element-323798a e-flex e-con-boxed e-con e-parent\" data-id=\"323798a\" data-element_type=\"container\" data-settings=\"{&quot;background_background&quot;:&quot;gradient&quot;,&quot;jet_parallax_layout_list&quot;:[]}\">\n\t\t\t\t\t<div class=\"e-con-inner\">\n\t\t\t\t<div class=\"elementor-element elementor-element-cf049fa elementor-widget elementor-widget-image\" data-id=\"cf049fa\" data-element_type=\"widget\" data-widget_type=\"image.default\">\n\t\t\t\t<div class=\"elementor-widget-container\">\n\t\t\t\t\t\t\t\t\t\t\t\t\t\t\t<img loading=\"lazy\" decoding=\"async\" width=\"247\" height=\"248\" src=\"https:\/\/latamcongress.straumann.com\/wp-content\/uploads\/2024\/01\/Photo.png\" class=\"attachment-large size-large wp-image-452\" alt=\"\" srcset=\"https:\/\/latamcongress.straumann.com\/wp-content\/uploads\/2024\/01\/Photo.png 247w, https:\/\/latamcongress.straumann.com\/wp-content\/uploads\/2024\/01\/Photo-150x150.png 150w\" sizes=\"(max-width: 247px) 100vw, 247px\" \/>\t\t\t\t\t\t\t\t\t\t\t\t\t\t\t<\/div>\n\t\t\t\t<\/div>\n\t\t\t\t<div class=\"elementor-element elementor-element-20b1320 bandeira elementor-widget elementor-widget-image\" data-id=\"20b1320\" data-element_type=\"widget\" data-widget_type=\"image.default\">\n\t\t\t\t<div class=\"elementor-widget-container\">\n\t\t\t\t\t\t\t\t\t\t\t\t\t\t\t<img loading=\"lazy\" decoding=\"async\" width=\"61\" height=\"35\" src=\"https:\/\/latamcongress.straumann.com\/wp-content\/uploads\/2024\/01\/flag_brazil-2.png\" class=\"attachment-large size-large wp-image-449\" alt=\"\" \/>\t\t\t\t\t\t\t\t\t\t\t\t\t\t\t<\/div>\n\t\t\t\t<\/div>\n\t\t\t\t<div class=\"elementor-element elementor-element-c99ca67 elementor-widget elementor-widget-heading\" data-id=\"c99ca67\" data-element_type=\"widget\" data-widget_type=\"heading.default\">\n\t\t\t\t<div class=\"elementor-widget-container\">\n\t\t\t\t\t<h3 class=\"elementor-heading-title elementor-size-default\">Leandro Cardoso<\/h3>\t\t\t\t<\/div>\n\t\t\t\t<\/div>\n\t\t\t\t<div class=\"elementor-element elementor-element-00d1450 elementor-widget elementor-widget-text-editor\" data-id=\"00d1450\" data-element_type=\"widget\" data-widget_type=\"text-editor.default\">\n\t\t\t\t<div class=\"elementor-widget-container\">\n\t\t\t\t\t\t\t\t\tEspecialista en Cirurg\u00eda e Implantolog\u00eda, maestr\u00eda y Doctorado en CTBMF &#8211; FOA\/UNESP, fellow del ITI y fellow en Implantolog\u00eda y Periodoncia en It\u00e1lia, cordinador de los cursos de Especializaci\u00f3n y Cirurgia Avanzada en Implantolog\u00eda (ABOGoi\u00e1s).\t\t\t\t\t\t\t\t<\/div>\n\t\t\t\t<\/div>\n\t\t\t\t\t<\/div>\n\t\t\t\t<\/div>\n\t\t\t\t<\/div>\n\t\t<\/div><div class=\"jet-listing-grid__item jet-listing-dynamic-post-922 jet-equal-columns\" data-post-id=\"922\" >\t\t<div data-elementor-type=\"jet-listing-items\" data-elementor-id=\"495\" class=\"elementor elementor-495\" data-elementor-post-type=\"jet-engine\">\n\t\t\t\t<div class=\"elementor-element elementor-element-323798a e-flex e-con-boxed e-con e-parent\" data-id=\"323798a\" data-element_type=\"container\" data-settings=\"{&quot;background_background&quot;:&quot;gradient&quot;,&quot;jet_parallax_layout_list&quot;:[]}\">\n\t\t\t\t\t<div class=\"e-con-inner\">\n\t\t\t\t<div class=\"elementor-element elementor-element-cf049fa elementor-widget elementor-widget-image\" data-id=\"cf049fa\" data-element_type=\"widget\" data-widget_type=\"image.default\">\n\t\t\t\t<div class=\"elementor-widget-container\">\n\t\t\t\t\t\t\t\t\t\t\t\t\t\t\t<img loading=\"lazy\" decoding=\"async\" width=\"800\" height=\"800\" src=\"https:\/\/latamcongress.straumann.com\/wp-content\/uploads\/2024\/02\/latamcongress_speakers_1.png\" class=\"attachment-large size-large wp-image-655\" alt=\"\" srcset=\"https:\/\/latamcongress.straumann.com\/wp-content\/uploads\/2024\/02\/latamcongress_speakers_1.png 800w, https:\/\/latamcongress.straumann.com\/wp-content\/uploads\/2024\/02\/latamcongress_speakers_1-300x300.png 300w, https:\/\/latamcongress.straumann.com\/wp-content\/uploads\/2024\/02\/latamcongress_speakers_1-150x150.png 150w, https:\/\/latamcongress.straumann.com\/wp-content\/uploads\/2024\/02\/latamcongress_speakers_1-768x768.png 768w\" sizes=\"(max-width: 800px) 100vw, 800px\" \/>\t\t\t\t\t\t\t\t\t\t\t\t\t\t\t<\/div>\n\t\t\t\t<\/div>\n\t\t\t\t<div class=\"elementor-element elementor-element-20b1320 bandeira elementor-widget elementor-widget-image\" data-id=\"20b1320\" data-element_type=\"widget\" data-widget_type=\"image.default\">\n\t\t\t\t<div class=\"elementor-widget-container\">\n\t\t\t\t\t\t\t\t\t\t\t\t\t\t\t<img loading=\"lazy\" decoding=\"async\" width=\"61\" height=\"35\" src=\"https:\/\/latamcongress.straumann.com\/wp-content\/uploads\/2024\/01\/flag_brazil-2.png\" class=\"attachment-large size-large wp-image-449\" alt=\"\" \/>\t\t\t\t\t\t\t\t\t\t\t\t\t\t\t<\/div>\n\t\t\t\t<\/div>\n\t\t\t\t<div class=\"elementor-element elementor-element-c99ca67 elementor-widget elementor-widget-heading\" data-id=\"c99ca67\" data-element_type=\"widget\" data-widget_type=\"heading.default\">\n\t\t\t\t<div class=\"elementor-widget-container\">\n\t\t\t\t\t<h3 class=\"elementor-heading-title elementor-size-default\">Luiz Otavio Camargo<\/h3>\t\t\t\t<\/div>\n\t\t\t\t<\/div>\n\t\t\t\t<div class=\"elementor-element elementor-element-00d1450 elementor-widget elementor-widget-text-editor\" data-id=\"00d1450\" data-element_type=\"widget\" data-widget_type=\"text-editor.default\">\n\t\t\t\t<div class=\"elementor-widget-container\">\n\t\t\t\t\t\t\t\t\tMaestr\u00eda y doctorado en Rehabilitaci\u00f3n Oral por la FO-USP, ITI Fellow y Speaker, miembro del ImplanTeam, campe\u00f3n del Straumann World Class Cup, autor de artigos e cap\u00edtulos de libros em Brasil y internacionalmente.\t\t\t\t\t\t\t\t<\/div>\n\t\t\t\t<\/div>\n\t\t\t\t\t<\/div>\n\t\t\t\t<\/div>\n\t\t\t\t<\/div>\n\t\t<\/div><div class=\"jet-listing-grid__item jet-listing-dynamic-post-925 jet-equal-columns\" data-post-id=\"925\" >\t\t<div data-elementor-type=\"jet-listing-items\" data-elementor-id=\"495\" class=\"elementor elementor-495\" data-elementor-post-type=\"jet-engine\">\n\t\t\t\t<div class=\"elementor-element elementor-element-323798a e-flex e-con-boxed e-con e-parent\" data-id=\"323798a\" data-element_type=\"container\" data-settings=\"{&quot;background_background&quot;:&quot;gradient&quot;,&quot;jet_parallax_layout_list&quot;:[]}\">\n\t\t\t\t\t<div class=\"e-con-inner\">\n\t\t\t\t<div class=\"elementor-element elementor-element-cf049fa elementor-widget elementor-widget-image\" data-id=\"cf049fa\" data-element_type=\"widget\" data-widget_type=\"image.default\">\n\t\t\t\t<div class=\"elementor-widget-container\">\n\t\t\t\t\t\t\t\t\t\t\t\t\t\t\t<img loading=\"lazy\" decoding=\"async\" width=\"800\" height=\"800\" src=\"https:\/\/latamcongress.straumann.com\/wp-content\/uploads\/2024\/02\/latamcongress_speakers_6.png\" class=\"attachment-large size-large wp-image-681\" alt=\"\" srcset=\"https:\/\/latamcongress.straumann.com\/wp-content\/uploads\/2024\/02\/latamcongress_speakers_6.png 800w, https:\/\/latamcongress.straumann.com\/wp-content\/uploads\/2024\/02\/latamcongress_speakers_6-300x300.png 300w, https:\/\/latamcongress.straumann.com\/wp-content\/uploads\/2024\/02\/latamcongress_speakers_6-150x150.png 150w, https:\/\/latamcongress.straumann.com\/wp-content\/uploads\/2024\/02\/latamcongress_speakers_6-768x768.png 768w\" sizes=\"(max-width: 800px) 100vw, 800px\" \/>\t\t\t\t\t\t\t\t\t\t\t\t\t\t\t<\/div>\n\t\t\t\t<\/div>\n\t\t\t\t<div class=\"elementor-element elementor-element-20b1320 bandeira elementor-widget elementor-widget-image\" data-id=\"20b1320\" data-element_type=\"widget\" data-widget_type=\"image.default\">\n\t\t\t\t<div class=\"elementor-widget-container\">\n\t\t\t\t\t\t\t\t\t\t\t\t\t\t\t<img loading=\"lazy\" decoding=\"async\" width=\"800\" height=\"463\" src=\"https:\/\/latamcongress.straumann.com\/wp-content\/uploads\/2024\/02\/flag_argentina.png\" class=\"attachment-large size-large wp-image-597\" alt=\"\" srcset=\"https:\/\/latamcongress.straumann.com\/wp-content\/uploads\/2024\/02\/flag_argentina.png 939w, https:\/\/latamcongress.straumann.com\/wp-content\/uploads\/2024\/02\/flag_argentina-300x173.png 300w, https:\/\/latamcongress.straumann.com\/wp-content\/uploads\/2024\/02\/flag_argentina-768x444.png 768w\" sizes=\"(max-width: 800px) 100vw, 800px\" \/>\t\t\t\t\t\t\t\t\t\t\t\t\t\t\t<\/div>\n\t\t\t\t<\/div>\n\t\t\t\t<div class=\"elementor-element elementor-element-c99ca67 elementor-widget elementor-widget-heading\" data-id=\"c99ca67\" data-element_type=\"widget\" data-widget_type=\"heading.default\">\n\t\t\t\t<div class=\"elementor-widget-container\">\n\t\t\t\t\t<h3 class=\"elementor-heading-title elementor-size-default\">Maria Marta Fernandez<\/h3>\t\t\t\t<\/div>\n\t\t\t\t<\/div>\n\t\t\t\t<div class=\"elementor-element elementor-element-00d1450 elementor-widget elementor-widget-text-editor\" data-id=\"00d1450\" data-element_type=\"widget\" data-widget_type=\"text-editor.default\">\n\t\t\t\t<div class=\"elementor-widget-container\">\n\t\t\t\t\t\t\t\t\tDoctora en Odontolog\u00eda y especialista en Periodoncia, profesora y docente de la Facultad de Odontologia de la Universidad de Buenos Aires, en la Asociaci\u00f3n Odontol\u00f3gica Argentina y en la CIO Clinic. Profesora adjunta del Curso de Especializaci\u00f3n en Periodoncia da USAL-AOA.\t\t\t\t\t\t\t\t<\/div>\n\t\t\t\t<\/div>\n\t\t\t\t\t<\/div>\n\t\t\t\t<\/div>\n\t\t\t\t<\/div>\n\t\t<\/div><div class=\"jet-listing-grid__item jet-listing-dynamic-post-934 jet-equal-columns\" data-post-id=\"934\" >\t\t<div data-elementor-type=\"jet-listing-items\" data-elementor-id=\"495\" class=\"elementor elementor-495\" data-elementor-post-type=\"jet-engine\">\n\t\t\t\t<div class=\"elementor-element elementor-element-323798a e-flex e-con-boxed e-con e-parent\" data-id=\"323798a\" data-element_type=\"container\" data-settings=\"{&quot;background_background&quot;:&quot;gradient&quot;,&quot;jet_parallax_layout_list&quot;:[]}\">\n\t\t\t\t\t<div class=\"e-con-inner\">\n\t\t\t\t<div class=\"elementor-element elementor-element-cf049fa elementor-widget elementor-widget-image\" data-id=\"cf049fa\" data-element_type=\"widget\" data-widget_type=\"image.default\">\n\t\t\t\t<div class=\"elementor-widget-container\">\n\t\t\t\t\t\t\t\t\t\t\t\t\t\t\t<img loading=\"lazy\" decoding=\"async\" width=\"800\" height=\"800\" src=\"https:\/\/latamcongress.straumann.com\/wp-content\/uploads\/2024\/02\/latamcongress_speakers_12.png\" class=\"attachment-large size-large wp-image-669\" alt=\"\" srcset=\"https:\/\/latamcongress.straumann.com\/wp-content\/uploads\/2024\/02\/latamcongress_speakers_12.png 800w, https:\/\/latamcongress.straumann.com\/wp-content\/uploads\/2024\/02\/latamcongress_speakers_12-300x300.png 300w, https:\/\/latamcongress.straumann.com\/wp-content\/uploads\/2024\/02\/latamcongress_speakers_12-150x150.png 150w, https:\/\/latamcongress.straumann.com\/wp-content\/uploads\/2024\/02\/latamcongress_speakers_12-768x768.png 768w\" sizes=\"(max-width: 800px) 100vw, 800px\" \/>\t\t\t\t\t\t\t\t\t\t\t\t\t\t\t<\/div>\n\t\t\t\t<\/div>\n\t\t\t\t<div class=\"elementor-element elementor-element-20b1320 bandeira elementor-widget elementor-widget-image\" data-id=\"20b1320\" data-element_type=\"widget\" data-widget_type=\"image.default\">\n\t\t\t\t<div class=\"elementor-widget-container\">\n\t\t\t\t\t\t\t\t\t\t\t\t\t\t\t<img loading=\"lazy\" decoding=\"async\" width=\"800\" height=\"463\" src=\"https:\/\/latamcongress.straumann.com\/wp-content\/uploads\/2024\/02\/flag_chile.png\" class=\"attachment-large size-large wp-image-602\" alt=\"\" srcset=\"https:\/\/latamcongress.straumann.com\/wp-content\/uploads\/2024\/02\/flag_chile.png 938w, https:\/\/latamcongress.straumann.com\/wp-content\/uploads\/2024\/02\/flag_chile-300x174.png 300w, https:\/\/latamcongress.straumann.com\/wp-content\/uploads\/2024\/02\/flag_chile-768x445.png 768w\" sizes=\"(max-width: 800px) 100vw, 800px\" \/>\t\t\t\t\t\t\t\t\t\t\t\t\t\t\t<\/div>\n\t\t\t\t<\/div>\n\t\t\t\t<div class=\"elementor-element elementor-element-c99ca67 elementor-widget elementor-widget-heading\" data-id=\"c99ca67\" data-element_type=\"widget\" data-widget_type=\"heading.default\">\n\t\t\t\t<div class=\"elementor-widget-container\">\n\t\t\t\t\t<h3 class=\"elementor-heading-title elementor-size-default\">Alejandro Lanis<\/h3>\t\t\t\t<\/div>\n\t\t\t\t<\/div>\n\t\t\t\t<div class=\"elementor-element elementor-element-00d1450 elementor-widget elementor-widget-text-editor\" data-id=\"00d1450\" data-element_type=\"widget\" data-widget_type=\"text-editor.default\">\n\t\t\t\t<div class=\"elementor-widget-container\">\n\t\t\t\t\t\t\t\t\tDirector de cursos de Educaci\u00f3n Avan\u00e7ada en Implantolog\u00eda en Harvard, speaker globalmente reconocido y embajador de la Asociaci\u00f3n Europea de Oseointegraci\u00f3n. Miembro del Comit\u00e9 de Educaci\u00f3n Global del ITI, de la Academia Americana de Odontolog\u00eda Cosm\u00e9tica y de diversas instituciones renombradas.\t\t\t\t\t\t\t\t<\/div>\n\t\t\t\t<\/div>\n\t\t\t\t\t<\/div>\n\t\t\t\t<\/div>\n\t\t\t\t<\/div>\n\t\t<\/div><div class=\"jet-listing-grid__item jet-listing-dynamic-post-926 jet-equal-columns\" data-post-id=\"926\" >\t\t<div data-elementor-type=\"jet-listing-items\" data-elementor-id=\"495\" class=\"elementor elementor-495\" data-elementor-post-type=\"jet-engine\">\n\t\t\t\t<div class=\"elementor-element elementor-element-323798a e-flex e-con-boxed e-con e-parent\" data-id=\"323798a\" data-element_type=\"container\" data-settings=\"{&quot;background_background&quot;:&quot;gradient&quot;,&quot;jet_parallax_layout_list&quot;:[]}\">\n\t\t\t\t\t<div class=\"e-con-inner\">\n\t\t\t\t<div class=\"elementor-element elementor-element-cf049fa elementor-widget elementor-widget-image\" data-id=\"cf049fa\" data-element_type=\"widget\" data-widget_type=\"image.default\">\n\t\t\t\t<div class=\"elementor-widget-container\">\n\t\t\t\t\t\t\t\t\t\t\t\t\t\t\t<img loading=\"lazy\" decoding=\"async\" width=\"800\" height=\"800\" src=\"https:\/\/latamcongress.straumann.com\/wp-content\/uploads\/2024\/02\/diego_bechelli.png\" class=\"attachment-large size-large wp-image-1567\" alt=\"\" srcset=\"https:\/\/latamcongress.straumann.com\/wp-content\/uploads\/2024\/02\/diego_bechelli.png 800w, https:\/\/latamcongress.straumann.com\/wp-content\/uploads\/2024\/02\/diego_bechelli-300x300.png 300w, https:\/\/latamcongress.straumann.com\/wp-content\/uploads\/2024\/02\/diego_bechelli-150x150.png 150w, https:\/\/latamcongress.straumann.com\/wp-content\/uploads\/2024\/02\/diego_bechelli-768x768.png 768w\" sizes=\"(max-width: 800px) 100vw, 800px\" \/>\t\t\t\t\t\t\t\t\t\t\t\t\t\t\t<\/div>\n\t\t\t\t<\/div>\n\t\t\t\t<div class=\"elementor-element elementor-element-20b1320 bandeira elementor-widget elementor-widget-image\" data-id=\"20b1320\" data-element_type=\"widget\" data-widget_type=\"image.default\">\n\t\t\t\t<div class=\"elementor-widget-container\">\n\t\t\t\t\t\t\t\t\t\t\t\t\t\t\t<img loading=\"lazy\" decoding=\"async\" width=\"800\" height=\"463\" src=\"https:\/\/latamcongress.straumann.com\/wp-content\/uploads\/2024\/02\/flag_argentina.png\" class=\"attachment-large size-large wp-image-597\" alt=\"\" srcset=\"https:\/\/latamcongress.straumann.com\/wp-content\/uploads\/2024\/02\/flag_argentina.png 939w, https:\/\/latamcongress.straumann.com\/wp-content\/uploads\/2024\/02\/flag_argentina-300x173.png 300w, https:\/\/latamcongress.straumann.com\/wp-content\/uploads\/2024\/02\/flag_argentina-768x444.png 768w\" sizes=\"(max-width: 800px) 100vw, 800px\" \/>\t\t\t\t\t\t\t\t\t\t\t\t\t\t\t<\/div>\n\t\t\t\t<\/div>\n\t\t\t\t<div class=\"elementor-element elementor-element-c99ca67 elementor-widget elementor-widget-heading\" data-id=\"c99ca67\" data-element_type=\"widget\" data-widget_type=\"heading.default\">\n\t\t\t\t<div class=\"elementor-widget-container\">\n\t\t\t\t\t<h3 class=\"elementor-heading-title elementor-size-default\">Diego Bechelli<\/h3>\t\t\t\t<\/div>\n\t\t\t\t<\/div>\n\t\t\t\t<div class=\"elementor-element elementor-element-00d1450 elementor-widget elementor-widget-text-editor\" data-id=\"00d1450\" data-element_type=\"widget\" data-widget_type=\"text-editor.default\">\n\t\t\t\t<div class=\"elementor-widget-container\">\n\t\t\t\t\t\t\t\t\tPr\u00e1ctica cl\u00ednica particular de Rehabilitaci\u00f3n Oral y Periodoncia en Buenos Aires, conferencista, Fellow y Speaker ITI, Director del Study Club en Buenos Aires. Chairman secci\u00f3n Argentina y Uruguay.\t\t\t\t\t\t\t\t<\/div>\n\t\t\t\t<\/div>\n\t\t\t\t\t<\/div>\n\t\t\t\t<\/div>\n\t\t\t\t<\/div>\n\t\t<\/div><div class=\"jet-listing-grid__item jet-listing-dynamic-post-929 jet-equal-columns\" data-post-id=\"929\" >\t\t<div data-elementor-type=\"jet-listing-items\" data-elementor-id=\"495\" class=\"elementor elementor-495\" data-elementor-post-type=\"jet-engine\">\n\t\t\t\t<div class=\"elementor-element elementor-element-323798a e-flex e-con-boxed e-con e-parent\" data-id=\"323798a\" data-element_type=\"container\" data-settings=\"{&quot;background_background&quot;:&quot;gradient&quot;,&quot;jet_parallax_layout_list&quot;:[]}\">\n\t\t\t\t\t<div class=\"e-con-inner\">\n\t\t\t\t<div class=\"elementor-element elementor-element-cf049fa elementor-widget elementor-widget-image\" data-id=\"cf049fa\" data-element_type=\"widget\" data-widget_type=\"image.default\">\n\t\t\t\t<div class=\"elementor-widget-container\">\n\t\t\t\t\t\t\t\t\t\t\t\t\t\t\t<img loading=\"lazy\" decoding=\"async\" width=\"800\" height=\"800\" src=\"https:\/\/latamcongress.straumann.com\/wp-content\/uploads\/2024\/02\/latamcongress_speakers_8.png\" class=\"attachment-large size-large wp-image-678\" alt=\"\" srcset=\"https:\/\/latamcongress.straumann.com\/wp-content\/uploads\/2024\/02\/latamcongress_speakers_8.png 800w, https:\/\/latamcongress.straumann.com\/wp-content\/uploads\/2024\/02\/latamcongress_speakers_8-300x300.png 300w, https:\/\/latamcongress.straumann.com\/wp-content\/uploads\/2024\/02\/latamcongress_speakers_8-150x150.png 150w, https:\/\/latamcongress.straumann.com\/wp-content\/uploads\/2024\/02\/latamcongress_speakers_8-768x768.png 768w\" sizes=\"(max-width: 800px) 100vw, 800px\" \/>\t\t\t\t\t\t\t\t\t\t\t\t\t\t\t<\/div>\n\t\t\t\t<\/div>\n\t\t\t\t<div class=\"elementor-element elementor-element-20b1320 bandeira elementor-widget elementor-widget-image\" data-id=\"20b1320\" data-element_type=\"widget\" data-widget_type=\"image.default\">\n\t\t\t\t<div class=\"elementor-widget-container\">\n\t\t\t\t\t\t\t\t\t\t\t\t\t\t\t<img loading=\"lazy\" decoding=\"async\" width=\"800\" height=\"463\" src=\"https:\/\/latamcongress.straumann.com\/wp-content\/uploads\/2024\/02\/flag_colombia.png\" class=\"attachment-large size-large wp-image-608\" alt=\"\" srcset=\"https:\/\/latamcongress.straumann.com\/wp-content\/uploads\/2024\/02\/flag_colombia.png 938w, https:\/\/latamcongress.straumann.com\/wp-content\/uploads\/2024\/02\/flag_colombia-300x174.png 300w, https:\/\/latamcongress.straumann.com\/wp-content\/uploads\/2024\/02\/flag_colombia-768x445.png 768w\" sizes=\"(max-width: 800px) 100vw, 800px\" \/>\t\t\t\t\t\t\t\t\t\t\t\t\t\t\t<\/div>\n\t\t\t\t<\/div>\n\t\t\t\t<div class=\"elementor-element elementor-element-c99ca67 elementor-widget elementor-widget-heading\" data-id=\"c99ca67\" data-element_type=\"widget\" data-widget_type=\"heading.default\">\n\t\t\t\t<div class=\"elementor-widget-container\">\n\t\t\t\t\t<h3 class=\"elementor-heading-title elementor-size-default\">Juan Manuel Olarte<\/h3>\t\t\t\t<\/div>\n\t\t\t\t<\/div>\n\t\t\t\t<div class=\"elementor-element elementor-element-00d1450 elementor-widget elementor-widget-text-editor\" data-id=\"00d1450\" data-element_type=\"widget\" data-widget_type=\"text-editor.default\">\n\t\t\t\t<div class=\"elementor-widget-container\">\n\t\t\t\t\t\t\t\t\tDentista y especialista en Rehabilitaci\u00f3n Oral por la Universidade CES de Medell\u00edn (Colombia), maestr\u00eda cl\u00ednica en Odontologia Digital en Atlanta (EUA), consultor t\u00e9cnico en impresi\u00f3n 3D en Erfurt (Alemania). Tiene su pr\u00e1ctica cl\u00ednica focada a soluciones digitales. Miembro ITI, KOL y speaker Straumann.\t\t\t\t\t\t\t\t<\/div>\n\t\t\t\t<\/div>\n\t\t\t\t\t<\/div>\n\t\t\t\t<\/div>\n\t\t\t\t<\/div>\n\t\t<\/div><div class=\"jet-listing-grid__item jet-listing-dynamic-post-928 jet-equal-columns\" data-post-id=\"928\" >\t\t<div data-elementor-type=\"jet-listing-items\" data-elementor-id=\"495\" class=\"elementor elementor-495\" data-elementor-post-type=\"jet-engine\">\n\t\t\t\t<div class=\"elementor-element elementor-element-323798a e-flex e-con-boxed e-con e-parent\" data-id=\"323798a\" data-element_type=\"container\" data-settings=\"{&quot;background_background&quot;:&quot;gradient&quot;,&quot;jet_parallax_layout_list&quot;:[]}\">\n\t\t\t\t\t<div class=\"e-con-inner\">\n\t\t\t\t<div class=\"elementor-element elementor-element-cf049fa elementor-widget elementor-widget-image\" data-id=\"cf049fa\" data-element_type=\"widget\" data-widget_type=\"image.default\">\n\t\t\t\t<div class=\"elementor-widget-container\">\n\t\t\t\t\t\t\t\t\t\t\t\t\t\t\t<img loading=\"lazy\" decoding=\"async\" width=\"800\" height=\"800\" src=\"https:\/\/latamcongress.straumann.com\/wp-content\/uploads\/2024\/02\/latamcongress_speakers_9.png\" class=\"attachment-large size-large wp-image-684\" alt=\"\" srcset=\"https:\/\/latamcongress.straumann.com\/wp-content\/uploads\/2024\/02\/latamcongress_speakers_9.png 800w, https:\/\/latamcongress.straumann.com\/wp-content\/uploads\/2024\/02\/latamcongress_speakers_9-300x300.png 300w, https:\/\/latamcongress.straumann.com\/wp-content\/uploads\/2024\/02\/latamcongress_speakers_9-150x150.png 150w, https:\/\/latamcongress.straumann.com\/wp-content\/uploads\/2024\/02\/latamcongress_speakers_9-768x768.png 768w\" sizes=\"(max-width: 800px) 100vw, 800px\" \/>\t\t\t\t\t\t\t\t\t\t\t\t\t\t\t<\/div>\n\t\t\t\t<\/div>\n\t\t\t\t<div class=\"elementor-element elementor-element-20b1320 bandeira elementor-widget elementor-widget-image\" data-id=\"20b1320\" data-element_type=\"widget\" data-widget_type=\"image.default\">\n\t\t\t\t<div class=\"elementor-widget-container\">\n\t\t\t\t\t\t\t\t\t\t\t\t\t\t\t<img loading=\"lazy\" decoding=\"async\" width=\"800\" height=\"463\" src=\"https:\/\/latamcongress.straumann.com\/wp-content\/uploads\/2024\/02\/flag_chile.png\" class=\"attachment-large size-large wp-image-602\" alt=\"\" srcset=\"https:\/\/latamcongress.straumann.com\/wp-content\/uploads\/2024\/02\/flag_chile.png 938w, https:\/\/latamcongress.straumann.com\/wp-content\/uploads\/2024\/02\/flag_chile-300x174.png 300w, https:\/\/latamcongress.straumann.com\/wp-content\/uploads\/2024\/02\/flag_chile-768x445.png 768w\" sizes=\"(max-width: 800px) 100vw, 800px\" \/>\t\t\t\t\t\t\t\t\t\t\t\t\t\t\t<\/div>\n\t\t\t\t<\/div>\n\t\t\t\t<div class=\"elementor-element elementor-element-c99ca67 elementor-widget elementor-widget-heading\" data-id=\"c99ca67\" data-element_type=\"widget\" data-widget_type=\"heading.default\">\n\t\t\t\t<div class=\"elementor-widget-container\">\n\t\t\t\t\t<h3 class=\"elementor-heading-title elementor-size-default\">Gustavo Harfagar<\/h3>\t\t\t\t<\/div>\n\t\t\t\t<\/div>\n\t\t\t\t<div class=\"elementor-element elementor-element-00d1450 elementor-widget elementor-widget-text-editor\" data-id=\"00d1450\" data-element_type=\"widget\" data-widget_type=\"text-editor.default\">\n\t\t\t\t<div class=\"elementor-widget-container\">\n\t\t\t\t\t\t\t\t\tFormado en Ciencias y especializado en implantolog\u00eda por la Universidad de Chile, 10 a\u00f1os de experiencia acad\u00e9mica y desde 2017 es director del Programa de Odontolog\u00eda Restauradora Digital en la Universidad del Desarrollo. Conferencista internacional con 15 a\u00f1os de experiencia en est\u00e9tica e implantolog\u00eda.\t\t\t\t\t\t\t\t<\/div>\n\t\t\t\t<\/div>\n\t\t\t\t\t<\/div>\n\t\t\t\t<\/div>\n\t\t\t\t<\/div>\n\t\t<\/div><div class=\"jet-listing-grid__item jet-listing-dynamic-post-918 jet-equal-columns\" data-post-id=\"918\" >\t\t<div data-elementor-type=\"jet-listing-items\" data-elementor-id=\"495\" class=\"elementor elementor-495\" data-elementor-post-type=\"jet-engine\">\n\t\t\t\t<div class=\"elementor-element elementor-element-323798a e-flex e-con-boxed e-con e-parent\" data-id=\"323798a\" data-element_type=\"container\" data-settings=\"{&quot;background_background&quot;:&quot;gradient&quot;,&quot;jet_parallax_layout_list&quot;:[]}\">\n\t\t\t\t\t<div class=\"e-con-inner\">\n\t\t\t\t<div class=\"elementor-element elementor-element-cf049fa elementor-widget elementor-widget-image\" data-id=\"cf049fa\" data-element_type=\"widget\" data-widget_type=\"image.default\">\n\t\t\t\t<div class=\"elementor-widget-container\">\n\t\t\t\t\t\t\t\t\t\t\t\t\t\t\t<img loading=\"lazy\" decoding=\"async\" width=\"800\" height=\"800\" src=\"https:\/\/latamcongress.straumann.com\/wp-content\/uploads\/2024\/02\/latamcongress_speakers_17.png\" class=\"attachment-large size-large wp-image-690\" alt=\"\" srcset=\"https:\/\/latamcongress.straumann.com\/wp-content\/uploads\/2024\/02\/latamcongress_speakers_17.png 800w, https:\/\/latamcongress.straumann.com\/wp-content\/uploads\/2024\/02\/latamcongress_speakers_17-300x300.png 300w, https:\/\/latamcongress.straumann.com\/wp-content\/uploads\/2024\/02\/latamcongress_speakers_17-150x150.png 150w, https:\/\/latamcongress.straumann.com\/wp-content\/uploads\/2024\/02\/latamcongress_speakers_17-768x768.png 768w\" sizes=\"(max-width: 800px) 100vw, 800px\" \/>\t\t\t\t\t\t\t\t\t\t\t\t\t\t\t<\/div>\n\t\t\t\t<\/div>\n\t\t\t\t<div class=\"elementor-element elementor-element-20b1320 bandeira elementor-widget elementor-widget-image\" data-id=\"20b1320\" data-element_type=\"widget\" data-widget_type=\"image.default\">\n\t\t\t\t<div class=\"elementor-widget-container\">\n\t\t\t\t\t\t\t\t\t\t\t\t\t\t\t<img loading=\"lazy\" decoding=\"async\" width=\"61\" height=\"35\" src=\"https:\/\/latamcongress.straumann.com\/wp-content\/uploads\/2024\/01\/flag_brazil-2.png\" class=\"attachment-large size-large wp-image-449\" alt=\"\" \/>\t\t\t\t\t\t\t\t\t\t\t\t\t\t\t<\/div>\n\t\t\t\t<\/div>\n\t\t\t\t<div class=\"elementor-element elementor-element-c99ca67 elementor-widget elementor-widget-heading\" data-id=\"c99ca67\" data-element_type=\"widget\" data-widget_type=\"heading.default\">\n\t\t\t\t<div class=\"elementor-widget-container\">\n\t\t\t\t\t<h3 class=\"elementor-heading-title elementor-size-default\">Bruno Matias<\/h3>\t\t\t\t<\/div>\n\t\t\t\t<\/div>\n\t\t\t\t<div class=\"elementor-element elementor-element-00d1450 elementor-widget elementor-widget-text-editor\" data-id=\"00d1450\" data-element_type=\"widget\" data-widget_type=\"text-editor.default\">\n\t\t\t\t<div class=\"elementor-widget-container\">\n\t\t\t\t\t\t\t\t\tEspecialista en Implantolog\u00eda, maestr\u00eda en Odontolog\u00eda Digital, coDiagnostiX\u00ae expert, Embajador del Scanner Intraoral Virtuo Vivo\u2122 e Smilecloud en Brasil, miembro y Speaker del International Team for Implantology (ITI).\t\t\t\t\t\t\t\t<\/div>\n\t\t\t\t<\/div>\n\t\t\t\t\t<\/div>\n\t\t\t\t<\/div>\n\t\t\t\t<\/div>\n\t\t<\/div><div class=\"jet-listing-grid__item jet-listing-dynamic-post-930 jet-equal-columns\" data-post-id=\"930\" >\t\t<div data-elementor-type=\"jet-listing-items\" data-elementor-id=\"495\" class=\"elementor elementor-495\" data-elementor-post-type=\"jet-engine\">\n\t\t\t\t<div class=\"elementor-element elementor-element-323798a e-flex e-con-boxed e-con e-parent\" data-id=\"323798a\" data-element_type=\"container\" data-settings=\"{&quot;background_background&quot;:&quot;gradient&quot;,&quot;jet_parallax_layout_list&quot;:[]}\">\n\t\t\t\t\t<div class=\"e-con-inner\">\n\t\t\t\t<div class=\"elementor-element elementor-element-cf049fa elementor-widget elementor-widget-image\" data-id=\"cf049fa\" data-element_type=\"widget\" data-widget_type=\"image.default\">\n\t\t\t\t<div class=\"elementor-widget-container\">\n\t\t\t\t\t\t\t\t\t\t\t\t\t\t\t<img loading=\"lazy\" decoding=\"async\" width=\"800\" height=\"800\" src=\"https:\/\/latamcongress.straumann.com\/wp-content\/uploads\/2024\/02\/latamcongress_speakers_7.png\" class=\"attachment-large size-large wp-image-696\" alt=\"\" srcset=\"https:\/\/latamcongress.straumann.com\/wp-content\/uploads\/2024\/02\/latamcongress_speakers_7.png 800w, https:\/\/latamcongress.straumann.com\/wp-content\/uploads\/2024\/02\/latamcongress_speakers_7-300x300.png 300w, https:\/\/latamcongress.straumann.com\/wp-content\/uploads\/2024\/02\/latamcongress_speakers_7-150x150.png 150w, https:\/\/latamcongress.straumann.com\/wp-content\/uploads\/2024\/02\/latamcongress_speakers_7-768x768.png 768w\" sizes=\"(max-width: 800px) 100vw, 800px\" \/>\t\t\t\t\t\t\t\t\t\t\t\t\t\t\t<\/div>\n\t\t\t\t<\/div>\n\t\t\t\t<div class=\"elementor-element elementor-element-20b1320 bandeira elementor-widget elementor-widget-image\" data-id=\"20b1320\" data-element_type=\"widget\" data-widget_type=\"image.default\">\n\t\t\t\t<div class=\"elementor-widget-container\">\n\t\t\t\t\t\t\t\t\t\t\t\t\t\t\t<img loading=\"lazy\" decoding=\"async\" width=\"800\" height=\"463\" src=\"https:\/\/latamcongress.straumann.com\/wp-content\/uploads\/2024\/02\/flag_colombia.png\" class=\"attachment-large size-large wp-image-608\" alt=\"\" srcset=\"https:\/\/latamcongress.straumann.com\/wp-content\/uploads\/2024\/02\/flag_colombia.png 938w, https:\/\/latamcongress.straumann.com\/wp-content\/uploads\/2024\/02\/flag_colombia-300x174.png 300w, https:\/\/latamcongress.straumann.com\/wp-content\/uploads\/2024\/02\/flag_colombia-768x445.png 768w\" sizes=\"(max-width: 800px) 100vw, 800px\" \/>\t\t\t\t\t\t\t\t\t\t\t\t\t\t\t<\/div>\n\t\t\t\t<\/div>\n\t\t\t\t<div class=\"elementor-element elementor-element-c99ca67 elementor-widget elementor-widget-heading\" data-id=\"c99ca67\" data-element_type=\"widget\" data-widget_type=\"heading.default\">\n\t\t\t\t<div class=\"elementor-widget-container\">\n\t\t\t\t\t<h3 class=\"elementor-heading-title elementor-size-default\">Santiago Castro<\/h3>\t\t\t\t<\/div>\n\t\t\t\t<\/div>\n\t\t\t\t<div class=\"elementor-element elementor-element-00d1450 elementor-widget elementor-widget-text-editor\" data-id=\"00d1450\" data-element_type=\"widget\" data-widget_type=\"text-editor.default\">\n\t\t\t\t<div class=\"elementor-widget-container\">\n\t\t\t\t\t\t\t\t\tDentista y especialista en Rehabilitaci\u00f3n Oral por la Universidad CES de Medell\u00edn (Colombia). Fundador de la Toothprint, tiene su pr\u00e1ctica cl\u00ednica totalmente focada a soluciones digitales. Miembro ITI, KOL y speaker Straumann.\t\t\t\t\t\t\t\t<\/div>\n\t\t\t\t<\/div>\n\t\t\t\t\t<\/div>\n\t\t\t\t<\/div>\n\t\t\t\t<\/div>\n\t\t<\/div><div class=\"jet-listing-grid__item jet-listing-dynamic-post-923 jet-equal-columns\" data-post-id=\"923\" >\t\t<div data-elementor-type=\"jet-listing-items\" data-elementor-id=\"495\" class=\"elementor elementor-495\" data-elementor-post-type=\"jet-engine\">\n\t\t\t\t<div class=\"elementor-element elementor-element-323798a e-flex e-con-boxed e-con e-parent\" data-id=\"323798a\" data-element_type=\"container\" data-settings=\"{&quot;background_background&quot;:&quot;gradient&quot;,&quot;jet_parallax_layout_list&quot;:[]}\">\n\t\t\t\t\t<div class=\"e-con-inner\">\n\t\t\t\t<div class=\"elementor-element elementor-element-cf049fa elementor-widget elementor-widget-image\" data-id=\"cf049fa\" data-element_type=\"widget\" data-widget_type=\"image.default\">\n\t\t\t\t<div class=\"elementor-widget-container\">\n\t\t\t\t\t\t\t\t\t\t\t\t\t\t\t<img loading=\"lazy\" decoding=\"async\" width=\"400\" height=\"400\" src=\"https:\/\/latamcongress.straumann.com\/wp-content\/uploads\/2024\/02\/latamcongress_speakers_5-copiar.png\" class=\"attachment-large size-large wp-image-763\" alt=\"\" srcset=\"https:\/\/latamcongress.straumann.com\/wp-content\/uploads\/2024\/02\/latamcongress_speakers_5-copiar.png 400w, https:\/\/latamcongress.straumann.com\/wp-content\/uploads\/2024\/02\/latamcongress_speakers_5-copiar-300x300.png 300w, https:\/\/latamcongress.straumann.com\/wp-content\/uploads\/2024\/02\/latamcongress_speakers_5-copiar-150x150.png 150w\" sizes=\"(max-width: 400px) 100vw, 400px\" \/>\t\t\t\t\t\t\t\t\t\t\t\t\t\t\t<\/div>\n\t\t\t\t<\/div>\n\t\t\t\t<div class=\"elementor-element elementor-element-20b1320 bandeira elementor-widget elementor-widget-image\" data-id=\"20b1320\" data-element_type=\"widget\" data-widget_type=\"image.default\">\n\t\t\t\t<div class=\"elementor-widget-container\">\n\t\t\t\t\t\t\t\t\t\t\t\t\t\t\t<img loading=\"lazy\" decoding=\"async\" width=\"61\" height=\"35\" src=\"https:\/\/latamcongress.straumann.com\/wp-content\/uploads\/2024\/01\/flag_brazil-2.png\" class=\"attachment-large size-large wp-image-449\" alt=\"\" \/>\t\t\t\t\t\t\t\t\t\t\t\t\t\t\t<\/div>\n\t\t\t\t<\/div>\n\t\t\t\t<div class=\"elementor-element elementor-element-c99ca67 elementor-widget elementor-widget-heading\" data-id=\"c99ca67\" data-element_type=\"widget\" data-widget_type=\"heading.default\">\n\t\t\t\t<div class=\"elementor-widget-container\">\n\t\t\t\t\t<h3 class=\"elementor-heading-title elementor-size-default\">Rodrigo Beltr\u00e3o<\/h3>\t\t\t\t<\/div>\n\t\t\t\t<\/div>\n\t\t\t\t<div class=\"elementor-element elementor-element-00d1450 elementor-widget elementor-widget-text-editor\" data-id=\"00d1450\" data-element_type=\"widget\" data-widget_type=\"text-editor.default\">\n\t\t\t\t<div class=\"elementor-widget-container\">\n\t\t\t\t\t\t\t\t\tEspecialista, mag\u00edster y Doctor en cirurg\u00eda Bucomaxilofacial (PUCRS), entrenamiento quir\u00fargico avanzado en Implantolog\u00eda en la UCLA &#8211; Implant Center, p\u00f3sgraduaci\u00f3n en Odontologia Digital, miembro ITI, profesor de especializaci\u00f3n en Implantolog\u00eda y Cirurg\u00eda Bucomaxilofacial.\t\t\t\t\t\t\t\t<\/div>\n\t\t\t\t<\/div>\n\t\t\t\t\t<\/div>\n\t\t\t\t<\/div>\n\t\t\t\t<\/div>\n\t\t<\/div><div class=\"jet-listing-grid__item jet-listing-dynamic-post-1126 jet-equal-columns\" data-post-id=\"1126\" >\t\t<div data-elementor-type=\"jet-listing-items\" data-elementor-id=\"495\" class=\"elementor elementor-495\" data-elementor-post-type=\"jet-engine\">\n\t\t\t\t<div class=\"elementor-element elementor-element-323798a e-flex e-con-boxed e-con e-parent\" data-id=\"323798a\" data-element_type=\"container\" data-settings=\"{&quot;background_background&quot;:&quot;gradient&quot;,&quot;jet_parallax_layout_list&quot;:[]}\">\n\t\t\t\t\t<div class=\"e-con-inner\">\n\t\t\t\t<div class=\"elementor-element elementor-element-cf049fa elementor-widget elementor-widget-image\" data-id=\"cf049fa\" data-element_type=\"widget\" data-widget_type=\"image.default\">\n\t\t\t\t<div class=\"elementor-widget-container\">\n\t\t\t\t\t\t\t\t\t\t\t\t\t\t\t<img loading=\"lazy\" decoding=\"async\" width=\"550\" height=\"550\" src=\"https:\/\/latamcongress.straumann.com\/wp-content\/uploads\/2024\/03\/alessandro_perucchi.png\" class=\"attachment-large size-large wp-image-1141\" alt=\"\" srcset=\"https:\/\/latamcongress.straumann.com\/wp-content\/uploads\/2024\/03\/alessandro_perucchi.png 550w, https:\/\/latamcongress.straumann.com\/wp-content\/uploads\/2024\/03\/alessandro_perucchi-300x300.png 300w, https:\/\/latamcongress.straumann.com\/wp-content\/uploads\/2024\/03\/alessandro_perucchi-150x150.png 150w\" sizes=\"(max-width: 550px) 100vw, 550px\" \/>\t\t\t\t\t\t\t\t\t\t\t\t\t\t\t<\/div>\n\t\t\t\t<\/div>\n\t\t\t\t<div class=\"elementor-element elementor-element-20b1320 bandeira elementor-widget elementor-widget-image\" data-id=\"20b1320\" data-element_type=\"widget\" data-widget_type=\"image.default\">\n\t\t\t\t<div class=\"elementor-widget-container\">\n\t\t\t\t\t\t\t\t\t\t\t\t\t\t\t<img loading=\"lazy\" decoding=\"async\" width=\"800\" height=\"453\" src=\"https:\/\/latamcongress.straumann.com\/wp-content\/uploads\/2024\/02\/flag_swiss.png\" class=\"attachment-large size-large wp-image-622\" alt=\"\" srcset=\"https:\/\/latamcongress.straumann.com\/wp-content\/uploads\/2024\/02\/flag_swiss.png 960w, https:\/\/latamcongress.straumann.com\/wp-content\/uploads\/2024\/02\/flag_swiss-300x170.png 300w, https:\/\/latamcongress.straumann.com\/wp-content\/uploads\/2024\/02\/flag_swiss-768x434.png 768w\" sizes=\"(max-width: 800px) 100vw, 800px\" \/>\t\t\t\t\t\t\t\t\t\t\t\t\t\t\t<\/div>\n\t\t\t\t<\/div>\n\t\t\t\t<div class=\"elementor-element elementor-element-c99ca67 elementor-widget elementor-widget-heading\" data-id=\"c99ca67\" data-element_type=\"widget\" data-widget_type=\"heading.default\">\n\t\t\t\t<div class=\"elementor-widget-container\">\n\t\t\t\t\t<h3 class=\"elementor-heading-title elementor-size-default\">Alessandro Perucchi<\/h3>\t\t\t\t<\/div>\n\t\t\t\t<\/div>\n\t\t\t\t<div class=\"elementor-element elementor-element-00d1450 elementor-widget elementor-widget-text-editor\" data-id=\"00d1450\" data-element_type=\"widget\" data-widget_type=\"text-editor.default\">\n\t\t\t\t<div class=\"elementor-widget-container\">\n\t\t\t\t\t\t\t\t\tDDS graduado de la Universidad de Berna (ZMK) en 2005, con un doctorado en 2007. Especialista en Cirug\u00eda Oral SSO desde 2011. Trabaja en su cl\u00ednica privada desde 2012. Ponente de ITI desde 2014, centrado en investigaciones sobre implantes, pr\u00f3tesis y odontolog\u00eda digital. Miembro activo de varias asociaciones odontol\u00f3gicas y profesor en SUPSI desde 2016.\t\t\t\t\t\t\t\t<\/div>\n\t\t\t\t<\/div>\n\t\t\t\t\t<\/div>\n\t\t\t\t<\/div>\n\t\t\t\t<\/div>\n\t\t<\/div><div class=\"jet-listing-grid__item jet-listing-dynamic-post-1123 jet-equal-columns\" data-post-id=\"1123\" >\t\t<div data-elementor-type=\"jet-listing-items\" data-elementor-id=\"495\" class=\"elementor elementor-495\" data-elementor-post-type=\"jet-engine\">\n\t\t\t\t<div class=\"elementor-element elementor-element-323798a e-flex e-con-boxed e-con e-parent\" data-id=\"323798a\" data-element_type=\"container\" data-settings=\"{&quot;background_background&quot;:&quot;gradient&quot;,&quot;jet_parallax_layout_list&quot;:[]}\">\n\t\t\t\t\t<div class=\"e-con-inner\">\n\t\t\t\t<div class=\"elementor-element elementor-element-cf049fa elementor-widget elementor-widget-image\" data-id=\"cf049fa\" data-element_type=\"widget\" data-widget_type=\"image.default\">\n\t\t\t\t<div class=\"elementor-widget-container\">\n\t\t\t\t\t\t\t\t\t\t\t\t\t\t\t<img loading=\"lazy\" decoding=\"async\" width=\"550\" height=\"550\" src=\"https:\/\/latamcongress.straumann.com\/wp-content\/uploads\/2024\/03\/cristian-scognamiglio.png\" class=\"attachment-large size-large wp-image-1135\" alt=\"\" srcset=\"https:\/\/latamcongress.straumann.com\/wp-content\/uploads\/2024\/03\/cristian-scognamiglio.png 550w, https:\/\/latamcongress.straumann.com\/wp-content\/uploads\/2024\/03\/cristian-scognamiglio-300x300.png 300w, https:\/\/latamcongress.straumann.com\/wp-content\/uploads\/2024\/03\/cristian-scognamiglio-150x150.png 150w\" sizes=\"(max-width: 550px) 100vw, 550px\" \/>\t\t\t\t\t\t\t\t\t\t\t\t\t\t\t<\/div>\n\t\t\t\t<\/div>\n\t\t\t\t<div class=\"elementor-element elementor-element-20b1320 bandeira elementor-widget elementor-widget-image\" data-id=\"20b1320\" data-element_type=\"widget\" data-widget_type=\"image.default\">\n\t\t\t\t<div class=\"elementor-widget-container\">\n\t\t\t\t\t\t\t\t\t\t\t\t\t\t\t<img loading=\"lazy\" decoding=\"async\" width=\"800\" height=\"463\" src=\"https:\/\/latamcongress.straumann.com\/wp-content\/uploads\/2024\/02\/flag_mexico.png\" class=\"attachment-large size-large wp-image-614\" alt=\"\" srcset=\"https:\/\/latamcongress.straumann.com\/wp-content\/uploads\/2024\/02\/flag_mexico.png 938w, https:\/\/latamcongress.straumann.com\/wp-content\/uploads\/2024\/02\/flag_mexico-300x174.png 300w, https:\/\/latamcongress.straumann.com\/wp-content\/uploads\/2024\/02\/flag_mexico-768x445.png 768w\" sizes=\"(max-width: 800px) 100vw, 800px\" \/>\t\t\t\t\t\t\t\t\t\t\t\t\t\t\t<\/div>\n\t\t\t\t<\/div>\n\t\t\t\t<div class=\"elementor-element elementor-element-c99ca67 elementor-widget elementor-widget-heading\" data-id=\"c99ca67\" data-element_type=\"widget\" data-widget_type=\"heading.default\">\n\t\t\t\t<div class=\"elementor-widget-container\">\n\t\t\t\t\t<h3 class=\"elementor-heading-title elementor-size-default\">Cristian Scognamiglio<\/h3>\t\t\t\t<\/div>\n\t\t\t\t<\/div>\n\t\t\t\t<div class=\"elementor-element elementor-element-00d1450 elementor-widget elementor-widget-text-editor\" data-id=\"00d1450\" data-element_type=\"widget\" data-widget_type=\"text-editor.default\">\n\t\t\t\t<div class=\"elementor-widget-container\">\n\t\t\t\t\t\t\t\t\tDDS &#8211; Graduado en Odontolog\u00eda por la Universidad de Varese (Italia, 2018). Pr\u00e1ctica cl\u00ednica en la Cl\u00ednica Dental Privada del Dr. Alessandro Perucchi desde 2020, colaborando tambi\u00e9n en cirug\u00eda oral en el &#8216;Studio Vanini&#8217;, Suiza (2020-2022). Conferencista en cursos nacionales e internacionales. Miembro activa de SSO, DDS, EAO, ITI y OMDCT.\r\n\t\t\t\t\t\t\t\t<\/div>\n\t\t\t\t<\/div>\n\t\t\t\t\t<\/div>\n\t\t\t\t<\/div>\n\t\t\t\t<\/div>\n\t\t<\/div><div class=\"jet-listing-grid__item jet-listing-dynamic-post-2971 jet-equal-columns\" data-post-id=\"2971\" >\t\t<div data-elementor-type=\"jet-listing-items\" data-elementor-id=\"495\" class=\"elementor elementor-495\" data-elementor-post-type=\"jet-engine\">\n\t\t\t\t<div class=\"elementor-element elementor-element-323798a e-flex e-con-boxed e-con e-parent\" data-id=\"323798a\" data-element_type=\"container\" data-settings=\"{&quot;background_background&quot;:&quot;gradient&quot;,&quot;jet_parallax_layout_list&quot;:[]}\">\n\t\t\t\t\t<div class=\"e-con-inner\">\n\t\t\t\t<div class=\"elementor-element elementor-element-cf049fa elementor-widget elementor-widget-image\" data-id=\"cf049fa\" data-element_type=\"widget\" data-widget_type=\"image.default\">\n\t\t\t\t<div class=\"elementor-widget-container\">\n\t\t\t\t\t\t\t\t\t\t\t\t\t\t\t<img loading=\"lazy\" decoding=\"async\" width=\"800\" height=\"800\" src=\"https:\/\/latamcongress.straumann.com\/wp-content\/uploads\/2025\/04\/alejandro-torres.png\" class=\"attachment-large size-large wp-image-2969\" alt=\"\" srcset=\"https:\/\/latamcongress.straumann.com\/wp-content\/uploads\/2025\/04\/alejandro-torres.png 800w, https:\/\/latamcongress.straumann.com\/wp-content\/uploads\/2025\/04\/alejandro-torres-300x300.png 300w, https:\/\/latamcongress.straumann.com\/wp-content\/uploads\/2025\/04\/alejandro-torres-150x150.png 150w, https:\/\/latamcongress.straumann.com\/wp-content\/uploads\/2025\/04\/alejandro-torres-768x768.png 768w\" sizes=\"(max-width: 800px) 100vw, 800px\" \/>\t\t\t\t\t\t\t\t\t\t\t\t\t\t\t<\/div>\n\t\t\t\t<\/div>\n\t\t\t\t<div class=\"elementor-element elementor-element-20b1320 bandeira elementor-widget elementor-widget-image\" data-id=\"20b1320\" data-element_type=\"widget\" data-widget_type=\"image.default\">\n\t\t\t\t<div class=\"elementor-widget-container\">\n\t\t\t\t\t\t\t\t\t\t\t\t\t\t\t<img loading=\"lazy\" decoding=\"async\" width=\"800\" height=\"463\" src=\"https:\/\/latamcongress.straumann.com\/wp-content\/uploads\/2024\/02\/flag_mexico.png\" class=\"attachment-large size-large wp-image-614\" alt=\"\" srcset=\"https:\/\/latamcongress.straumann.com\/wp-content\/uploads\/2024\/02\/flag_mexico.png 938w, https:\/\/latamcongress.straumann.com\/wp-content\/uploads\/2024\/02\/flag_mexico-300x174.png 300w, https:\/\/latamcongress.straumann.com\/wp-content\/uploads\/2024\/02\/flag_mexico-768x445.png 768w\" sizes=\"(max-width: 800px) 100vw, 800px\" \/>\t\t\t\t\t\t\t\t\t\t\t\t\t\t\t<\/div>\n\t\t\t\t<\/div>\n\t\t\t\t<div class=\"elementor-element elementor-element-c99ca67 elementor-widget elementor-widget-heading\" data-id=\"c99ca67\" data-element_type=\"widget\" data-widget_type=\"heading.default\">\n\t\t\t\t<div class=\"elementor-widget-container\">\n\t\t\t\t\t<h3 class=\"elementor-heading-title elementor-size-default\">Alejandro Torres Torija<\/h3>\t\t\t\t<\/div>\n\t\t\t\t<\/div>\n\t\t\t\t<div class=\"elementor-element elementor-element-00d1450 elementor-widget elementor-widget-text-editor\" data-id=\"00d1450\" data-element_type=\"widget\" data-widget_type=\"text-editor.default\">\n\t\t\t\t<div class=\"elementor-widget-container\">\n\t\t\t\t\t\t\t\t\tEl Dr. Alejandro Torres (DDS DHD MBA MSD), como periodoncista se ha dedicado a profundizar su pr\u00e1ctica en la odontolog\u00eda digital est\u00e9tica. El Dr. Torres trabaja en la pr\u00e1ctica privada desde 2017, adicionalmente ha sido profesor en las Universidades ULA y UNITEC en la Ciudad de M\u00e9xico, y es un Fellow activo y Director de Study Club dentro del ITI secci\u00f3n M\u00e9xico. Ha sido conferencista local y regional para Straumann Group desde 2018. M\u00e1s recientemente desde 2023, se convirti\u00f3 en socio y Director Dental de la principal DSO en M\u00e9xico, Dentalia.\t\t\t\t\t\t\t\t<\/div>\n\t\t\t\t<\/div>\n\t\t\t\t\t<\/div>\n\t\t\t\t<\/div>\n\t\t\t\t<\/div>\n\t\t<\/div><div class=\"jet-listing-grid__item jet-listing-dynamic-post-1365 jet-equal-columns\" data-post-id=\"1365\" >\t\t<div data-elementor-type=\"jet-listing-items\" data-elementor-id=\"495\" class=\"elementor elementor-495\" data-elementor-post-type=\"jet-engine\">\n\t\t\t\t<div class=\"elementor-element elementor-element-323798a e-flex e-con-boxed e-con e-parent\" data-id=\"323798a\" data-element_type=\"container\" data-settings=\"{&quot;background_background&quot;:&quot;gradient&quot;,&quot;jet_parallax_layout_list&quot;:[]}\">\n\t\t\t\t\t<div class=\"e-con-inner\">\n\t\t\t\t<div class=\"elementor-element elementor-element-cf049fa elementor-widget elementor-widget-image\" data-id=\"cf049fa\" data-element_type=\"widget\" data-widget_type=\"image.default\">\n\t\t\t\t<div class=\"elementor-widget-container\">\n\t\t\t\t\t\t\t\t\t\t\t\t\t\t\t<img loading=\"lazy\" decoding=\"async\" width=\"800\" height=\"800\" src=\"https:\/\/latamcongress.straumann.com\/wp-content\/uploads\/2024\/03\/lorenzo_tavelli.png\" class=\"attachment-large size-large wp-image-1260\" alt=\"\" srcset=\"https:\/\/latamcongress.straumann.com\/wp-content\/uploads\/2024\/03\/lorenzo_tavelli.png 800w, https:\/\/latamcongress.straumann.com\/wp-content\/uploads\/2024\/03\/lorenzo_tavelli-300x300.png 300w, https:\/\/latamcongress.straumann.com\/wp-content\/uploads\/2024\/03\/lorenzo_tavelli-150x150.png 150w, https:\/\/latamcongress.straumann.com\/wp-content\/uploads\/2024\/03\/lorenzo_tavelli-768x768.png 768w\" sizes=\"(max-width: 800px) 100vw, 800px\" \/>\t\t\t\t\t\t\t\t\t\t\t\t\t\t\t<\/div>\n\t\t\t\t<\/div>\n\t\t\t\t<div class=\"elementor-element elementor-element-20b1320 bandeira elementor-widget elementor-widget-image\" data-id=\"20b1320\" data-element_type=\"widget\" data-widget_type=\"image.default\">\n\t\t\t\t<div class=\"elementor-widget-container\">\n\t\t\t\t\t\t\t\t\t\t\t\t\t\t\t<img loading=\"lazy\" decoding=\"async\" width=\"640\" height=\"397\" src=\"https:\/\/latamcongress.straumann.com\/wp-content\/uploads\/2024\/03\/estadosunidos.png\" class=\"attachment-large size-large wp-image-1361\" alt=\"\" srcset=\"https:\/\/latamcongress.straumann.com\/wp-content\/uploads\/2024\/03\/estadosunidos.png 640w, https:\/\/latamcongress.straumann.com\/wp-content\/uploads\/2024\/03\/estadosunidos-300x186.png 300w\" sizes=\"(max-width: 640px) 100vw, 640px\" \/>\t\t\t\t\t\t\t\t\t\t\t\t\t\t\t<\/div>\n\t\t\t\t<\/div>\n\t\t\t\t<div class=\"elementor-element elementor-element-c99ca67 elementor-widget elementor-widget-heading\" data-id=\"c99ca67\" data-element_type=\"widget\" data-widget_type=\"heading.default\">\n\t\t\t\t<div class=\"elementor-widget-container\">\n\t\t\t\t\t<h3 class=\"elementor-heading-title elementor-size-default\">Lorenzo Tavelli<\/h3>\t\t\t\t<\/div>\n\t\t\t\t<\/div>\n\t\t\t\t<div class=\"elementor-element elementor-element-00d1450 elementor-widget elementor-widget-text-editor\" data-id=\"00d1450\" data-element_type=\"widget\" data-widget_type=\"text-editor.default\">\n\t\t\t\t<div class=\"elementor-widget-container\">\n\t\t\t\t\t\t\t\t\tProfesor asistente y director del programa de posgrado en Periodoncia en la Escuela de Medicina Dental de Harvard. Graduado en Mil\u00e1n, con residencia y maestr\u00eda en Michigan. Diplomado por la American Board of Periodontology. Pionero en injertos m\u00ednimamente invasivos, utilizando ultrasonograf\u00eda de alta frecuencia y biomarcadores. Editor asociado de revistas cient\u00edficas. M\u00faltiples premios de investigaci\u00f3n.\t\t\t\t\t\t\t\t<\/div>\n\t\t\t\t<\/div>\n\t\t\t\t\t<\/div>\n\t\t\t\t<\/div>\n\t\t\t\t<\/div>\n\t\t<\/div><div class=\"jet-listing-grid__item jet-listing-dynamic-post-1363 jet-equal-columns\" data-post-id=\"1363\" >\t\t<div data-elementor-type=\"jet-listing-items\" data-elementor-id=\"495\" class=\"elementor elementor-495\" data-elementor-post-type=\"jet-engine\">\n\t\t\t\t<div class=\"elementor-element elementor-element-323798a e-flex e-con-boxed e-con e-parent\" data-id=\"323798a\" data-element_type=\"container\" data-settings=\"{&quot;background_background&quot;:&quot;gradient&quot;,&quot;jet_parallax_layout_list&quot;:[]}\">\n\t\t\t\t\t<div class=\"e-con-inner\">\n\t\t\t\t<div class=\"elementor-element elementor-element-cf049fa elementor-widget elementor-widget-image\" data-id=\"cf049fa\" data-element_type=\"widget\" data-widget_type=\"image.default\">\n\t\t\t\t<div class=\"elementor-widget-container\">\n\t\t\t\t\t\t\t\t\t\t\t\t\t\t\t<img loading=\"lazy\" decoding=\"async\" width=\"800\" height=\"800\" src=\"https:\/\/latamcongress.straumann.com\/wp-content\/uploads\/2024\/03\/german_galucci.png\" class=\"attachment-large size-large wp-image-1257\" alt=\"\" srcset=\"https:\/\/latamcongress.straumann.com\/wp-content\/uploads\/2024\/03\/german_galucci.png 800w, https:\/\/latamcongress.straumann.com\/wp-content\/uploads\/2024\/03\/german_galucci-300x300.png 300w, https:\/\/latamcongress.straumann.com\/wp-content\/uploads\/2024\/03\/german_galucci-150x150.png 150w, https:\/\/latamcongress.straumann.com\/wp-content\/uploads\/2024\/03\/german_galucci-768x768.png 768w\" sizes=\"(max-width: 800px) 100vw, 800px\" \/>\t\t\t\t\t\t\t\t\t\t\t\t\t\t\t<\/div>\n\t\t\t\t<\/div>\n\t\t\t\t<div class=\"elementor-element elementor-element-20b1320 bandeira elementor-widget elementor-widget-image\" data-id=\"20b1320\" data-element_type=\"widget\" data-widget_type=\"image.default\">\n\t\t\t\t<div class=\"elementor-widget-container\">\n\t\t\t\t\t\t\t\t\t\t\t\t\t\t\t<img loading=\"lazy\" decoding=\"async\" width=\"640\" height=\"397\" src=\"https:\/\/latamcongress.straumann.com\/wp-content\/uploads\/2024\/03\/estadosunidos.png\" class=\"attachment-large size-large wp-image-1361\" alt=\"\" srcset=\"https:\/\/latamcongress.straumann.com\/wp-content\/uploads\/2024\/03\/estadosunidos.png 640w, https:\/\/latamcongress.straumann.com\/wp-content\/uploads\/2024\/03\/estadosunidos-300x186.png 300w\" sizes=\"(max-width: 640px) 100vw, 640px\" \/>\t\t\t\t\t\t\t\t\t\t\t\t\t\t\t<\/div>\n\t\t\t\t<\/div>\n\t\t\t\t<div class=\"elementor-element elementor-element-c99ca67 elementor-widget elementor-widget-heading\" data-id=\"c99ca67\" data-element_type=\"widget\" data-widget_type=\"heading.default\">\n\t\t\t\t<div class=\"elementor-widget-container\">\n\t\t\t\t\t<h3 class=\"elementor-heading-title elementor-size-default\">German Gallucci<\/h3>\t\t\t\t<\/div>\n\t\t\t\t<\/div>\n\t\t\t\t<div class=\"elementor-element elementor-element-00d1450 elementor-widget elementor-widget-text-editor\" data-id=\"00d1450\" data-element_type=\"widget\" data-widget_type=\"text-editor.default\">\n\t\t\t\t<div class=\"elementor-widget-container\">\n\t\t\t\t\t\t\t\t\tJefe del Departamento de Odontolog\u00eda Restauradora y Ciencias de Biomateriales en la Escuela de Medicina Dental de Harvard. DMD en Prostodoncia por la Universidad de Ginebra, Suiza. Sus publicaciones en revistas odontol\u00f3gicas internacionales y su membres\u00eda en ITI, AP, GNYAP, ACP, AO y EAO lo destacan.\t\t\t\t\t\t\t\t<\/div>\n\t\t\t\t<\/div>\n\t\t\t\t\t<\/div>\n\t\t\t\t<\/div>\n\t\t\t\t<\/div>\n\t\t<\/div><div class=\"jet-listing-grid__item jet-listing-dynamic-post-1118 jet-equal-columns\" data-post-id=\"1118\" >\t\t<div data-elementor-type=\"jet-listing-items\" data-elementor-id=\"495\" class=\"elementor elementor-495\" data-elementor-post-type=\"jet-engine\">\n\t\t\t\t<div class=\"elementor-element elementor-element-323798a e-flex e-con-boxed e-con e-parent\" data-id=\"323798a\" data-element_type=\"container\" data-settings=\"{&quot;background_background&quot;:&quot;gradient&quot;,&quot;jet_parallax_layout_list&quot;:[]}\">\n\t\t\t\t\t<div class=\"e-con-inner\">\n\t\t\t\t<div class=\"elementor-element elementor-element-cf049fa elementor-widget elementor-widget-image\" data-id=\"cf049fa\" data-element_type=\"widget\" data-widget_type=\"image.default\">\n\t\t\t\t<div class=\"elementor-widget-container\">\n\t\t\t\t\t\t\t\t\t\t\t\t\t\t\t<img loading=\"lazy\" decoding=\"async\" width=\"800\" height=\"800\" src=\"https:\/\/latamcongress.straumann.com\/wp-content\/uploads\/2024\/03\/livia_lamunier.png\" class=\"attachment-large size-large wp-image-1116\" alt=\"\" srcset=\"https:\/\/latamcongress.straumann.com\/wp-content\/uploads\/2024\/03\/livia_lamunier.png 800w, https:\/\/latamcongress.straumann.com\/wp-content\/uploads\/2024\/03\/livia_lamunier-300x300.png 300w, https:\/\/latamcongress.straumann.com\/wp-content\/uploads\/2024\/03\/livia_lamunier-150x150.png 150w, https:\/\/latamcongress.straumann.com\/wp-content\/uploads\/2024\/03\/livia_lamunier-768x768.png 768w\" sizes=\"(max-width: 800px) 100vw, 800px\" \/>\t\t\t\t\t\t\t\t\t\t\t\t\t\t\t<\/div>\n\t\t\t\t<\/div>\n\t\t\t\t<div class=\"elementor-element elementor-element-20b1320 bandeira elementor-widget elementor-widget-image\" data-id=\"20b1320\" data-element_type=\"widget\" data-widget_type=\"image.default\">\n\t\t\t\t<div class=\"elementor-widget-container\">\n\t\t\t\t\t\t\t\t\t\t\t\t\t\t\t<img loading=\"lazy\" decoding=\"async\" width=\"61\" height=\"35\" src=\"https:\/\/latamcongress.straumann.com\/wp-content\/uploads\/2024\/01\/flag_brazil-2.png\" class=\"attachment-large size-large wp-image-449\" alt=\"\" \/>\t\t\t\t\t\t\t\t\t\t\t\t\t\t\t<\/div>\n\t\t\t\t<\/div>\n\t\t\t\t<div class=\"elementor-element elementor-element-c99ca67 elementor-widget elementor-widget-heading\" data-id=\"c99ca67\" data-element_type=\"widget\" data-widget_type=\"heading.default\">\n\t\t\t\t<div class=\"elementor-widget-container\">\n\t\t\t\t\t<h3 class=\"elementor-heading-title elementor-size-default\">Livia Lamunier<\/h3>\t\t\t\t<\/div>\n\t\t\t\t<\/div>\n\t\t\t\t<div class=\"elementor-element elementor-element-00d1450 elementor-widget elementor-widget-text-editor\" data-id=\"00d1450\" data-element_type=\"widget\" data-widget_type=\"text-editor.default\">\n\t\t\t\t<div class=\"elementor-widget-container\">\n\t\t\t\t\t\t\t\t\tEspecialista en Implantolog\u00eda. M\u00e1ster en Implantolog\u00eda. Miembro de ImplanTeam, fellow del ITI y director del ITI.\t\t\t\t\t\t\t\t<\/div>\n\t\t\t\t<\/div>\n\t\t\t\t\t<\/div>\n\t\t\t\t<\/div>\n\t\t\t\t<\/div>\n\t\t<\/div><div class=\"jet-listing-grid__item jet-listing-dynamic-post-1112 jet-equal-columns\" data-post-id=\"1112\" >\t\t<div data-elementor-type=\"jet-listing-items\" data-elementor-id=\"495\" class=\"elementor elementor-495\" data-elementor-post-type=\"jet-engine\">\n\t\t\t\t<div class=\"elementor-element elementor-element-323798a e-flex e-con-boxed e-con e-parent\" data-id=\"323798a\" data-element_type=\"container\" data-settings=\"{&quot;background_background&quot;:&quot;gradient&quot;,&quot;jet_parallax_layout_list&quot;:[]}\">\n\t\t\t\t\t<div class=\"e-con-inner\">\n\t\t\t\t<div class=\"elementor-element elementor-element-cf049fa elementor-widget elementor-widget-image\" data-id=\"cf049fa\" data-element_type=\"widget\" data-widget_type=\"image.default\">\n\t\t\t\t<div class=\"elementor-widget-container\">\n\t\t\t\t\t\t\t\t\t\t\t\t\t\t\t<img loading=\"lazy\" decoding=\"async\" width=\"800\" height=\"800\" src=\"https:\/\/latamcongress.straumann.com\/wp-content\/uploads\/2024\/03\/paula_corvello.png\" class=\"attachment-large size-large wp-image-1045\" alt=\"\" srcset=\"https:\/\/latamcongress.straumann.com\/wp-content\/uploads\/2024\/03\/paula_corvello.png 800w, https:\/\/latamcongress.straumann.com\/wp-content\/uploads\/2024\/03\/paula_corvello-300x300.png 300w, https:\/\/latamcongress.straumann.com\/wp-content\/uploads\/2024\/03\/paula_corvello-150x150.png 150w, https:\/\/latamcongress.straumann.com\/wp-content\/uploads\/2024\/03\/paula_corvello-768x768.png 768w\" sizes=\"(max-width: 800px) 100vw, 800px\" \/>\t\t\t\t\t\t\t\t\t\t\t\t\t\t\t<\/div>\n\t\t\t\t<\/div>\n\t\t\t\t<div class=\"elementor-element elementor-element-20b1320 bandeira elementor-widget elementor-widget-image\" data-id=\"20b1320\" data-element_type=\"widget\" data-widget_type=\"image.default\">\n\t\t\t\t<div class=\"elementor-widget-container\">\n\t\t\t\t\t\t\t\t\t\t\t\t\t\t\t<img loading=\"lazy\" decoding=\"async\" width=\"61\" height=\"35\" src=\"https:\/\/latamcongress.straumann.com\/wp-content\/uploads\/2024\/01\/flag_brazil-2.png\" class=\"attachment-large size-large wp-image-449\" alt=\"\" \/>\t\t\t\t\t\t\t\t\t\t\t\t\t\t\t<\/div>\n\t\t\t\t<\/div>\n\t\t\t\t<div class=\"elementor-element elementor-element-c99ca67 elementor-widget elementor-widget-heading\" data-id=\"c99ca67\" data-element_type=\"widget\" data-widget_type=\"heading.default\">\n\t\t\t\t<div class=\"elementor-widget-container\">\n\t\t\t\t\t<h3 class=\"elementor-heading-title elementor-size-default\">Paula Corvello<\/h3>\t\t\t\t<\/div>\n\t\t\t\t<\/div>\n\t\t\t\t<div class=\"elementor-element elementor-element-00d1450 elementor-widget elementor-widget-text-editor\" data-id=\"00d1450\" data-element_type=\"widget\" data-widget_type=\"text-editor.default\">\n\t\t\t\t<div class=\"elementor-widget-container\">\n\t\t\t\t\t\t\t\t\tEspecialista en Cirug\u00eda y Traumatolog\u00eda Bucomaxilofacial, Implantolog\u00eda y Trastornos Temporomandibulares y Dolor Orofacial. Maestr\u00eda en Rehabilitaci\u00f3n Oral. Directora del ITI (International Team for Implantology) Study Club Porto Alegre 2. Oradora y fellow del ITI. Code Straumann. Profesora en la especializaci\u00f3n de Implantolog\u00eda en la ABO\/RS (Asociaci\u00f3n Brasile\u00f1a de Odontolog\u00eda\/Secci\u00f3n de R\u00edo Grande do Sul) y en la especializaci\u00f3n de Odontolog\u00eda Restauradora en la ABO\/RS.\t\t\t\t\t\t\t\t<\/div>\n\t\t\t\t<\/div>\n\t\t\t\t\t<\/div>\n\t\t\t\t<\/div>\n\t\t\t\t<\/div>\n\t\t<\/div><div class=\"jet-listing-grid__item jet-listing-dynamic-post-2624 jet-equal-columns\" data-post-id=\"2624\" >\t\t<div data-elementor-type=\"jet-listing-items\" data-elementor-id=\"495\" class=\"elementor elementor-495\" data-elementor-post-type=\"jet-engine\">\n\t\t\t\t<div class=\"elementor-element elementor-element-323798a e-flex e-con-boxed e-con e-parent\" data-id=\"323798a\" data-element_type=\"container\" data-settings=\"{&quot;background_background&quot;:&quot;gradient&quot;,&quot;jet_parallax_layout_list&quot;:[]}\">\n\t\t\t\t\t<div class=\"e-con-inner\">\n\t\t\t\t<div class=\"elementor-element elementor-element-cf049fa elementor-widget elementor-widget-image\" data-id=\"cf049fa\" data-element_type=\"widget\" data-widget_type=\"image.default\">\n\t\t\t\t<div class=\"elementor-widget-container\">\n\t\t\t\t\t\t\t\t\t\t\t\t\t\t\t<img loading=\"lazy\" decoding=\"async\" width=\"800\" height=\"800\" src=\"https:\/\/latamcongress.straumann.com\/wp-content\/uploads\/2024\/11\/laurence_adriens.png\" class=\"attachment-large size-large wp-image-2612\" alt=\"\" srcset=\"https:\/\/latamcongress.straumann.com\/wp-content\/uploads\/2024\/11\/laurence_adriens.png 800w, https:\/\/latamcongress.straumann.com\/wp-content\/uploads\/2024\/11\/laurence_adriens-300x300.png 300w, https:\/\/latamcongress.straumann.com\/wp-content\/uploads\/2024\/11\/laurence_adriens-150x150.png 150w, https:\/\/latamcongress.straumann.com\/wp-content\/uploads\/2024\/11\/laurence_adriens-768x768.png 768w\" sizes=\"(max-width: 800px) 100vw, 800px\" \/>\t\t\t\t\t\t\t\t\t\t\t\t\t\t\t<\/div>\n\t\t\t\t<\/div>\n\t\t\t\t<div class=\"elementor-element elementor-element-20b1320 bandeira elementor-widget elementor-widget-image\" data-id=\"20b1320\" data-element_type=\"widget\" data-widget_type=\"image.default\">\n\t\t\t\t<div class=\"elementor-widget-container\">\n\t\t\t\t\t\t\t\t\t\t\t\t\t\t\t<img loading=\"lazy\" decoding=\"async\" width=\"800\" height=\"463\" src=\"https:\/\/latamcongress.straumann.com\/wp-content\/uploads\/2024\/02\/flag_belgium.png\" class=\"attachment-large size-large wp-image-618\" alt=\"\" srcset=\"https:\/\/latamcongress.straumann.com\/wp-content\/uploads\/2024\/02\/flag_belgium.png 939w, https:\/\/latamcongress.straumann.com\/wp-content\/uploads\/2024\/02\/flag_belgium-300x173.png 300w, https:\/\/latamcongress.straumann.com\/wp-content\/uploads\/2024\/02\/flag_belgium-768x444.png 768w\" sizes=\"(max-width: 800px) 100vw, 800px\" \/>\t\t\t\t\t\t\t\t\t\t\t\t\t\t\t<\/div>\n\t\t\t\t<\/div>\n\t\t\t\t<div class=\"elementor-element elementor-element-c99ca67 elementor-widget elementor-widget-heading\" data-id=\"c99ca67\" data-element_type=\"widget\" data-widget_type=\"heading.default\">\n\t\t\t\t<div class=\"elementor-widget-container\">\n\t\t\t\t\t<h3 class=\"elementor-heading-title elementor-size-default\">Laurence Adriaens<\/h3>\t\t\t\t<\/div>\n\t\t\t\t<\/div>\n\t\t\t\t<div class=\"elementor-element elementor-element-00d1450 elementor-widget elementor-widget-text-editor\" data-id=\"00d1450\" data-element_type=\"widget\" data-widget_type=\"text-editor.default\">\n\t\t\t\t<div class=\"elementor-widget-container\">\n\t\t\t\t\t\t\t\t\tDentista, Universidad de Ghent, Belgica, Maestr\u00eda en Periodoncia, Universidad de Berne, Suiza. Especialista en Periodoncia reconocida por la Federaci\u00f3n Europea de Periodoncia (EFP). ITI Fellow desde 2008 and ITI Study Club Director desde 2009 en Palma de Mallorca. Desde 2022 miembro do Board ITI Iberia. Publicaciones em revistas internacionales. Co-director de la revista oficial de SEPA (Sociedad Espa\u00f1ola de Periodoncia y Oseointegraci\u00f3n). Miembro fundadora de WIN (Women Implantology Network) desde 2016. Pr\u00e1ctica privada en Palma de Mallorca.\t\t\t\t\t\t\t\t<\/div>\n\t\t\t\t<\/div>\n\t\t\t\t\t<\/div>\n\t\t\t\t<\/div>\n\t\t\t\t<\/div>\n\t\t<\/div><\/div><\/div><\/div>\t\t\t\t<\/div>\n\t\t\t\t<\/div>\n\t\t<div class=\"elementor-element elementor-element-9f6aa06 e-flex e-con-boxed e-con e-child\" data-id=\"9f6aa06\" data-element_type=\"container\" data-settings=\"{&quot;jet_parallax_layout_list&quot;:[]}\">\n\t\t\t\t\t<div class=\"e-con-inner\">\n\t\t\t\t<div class=\"elementor-element elementor-element-97d56fa elementor-widget elementor-widget-button\" data-id=\"97d56fa\" data-element_type=\"widget\" data-widget_type=\"button.default\">\n\t\t\t\t<div class=\"elementor-widget-container\">\n\t\t\t\t\t\t\t\t\t<div class=\"elementor-button-wrapper\">\n\t\t\t\t\t<a class=\"elementor-button elementor-button-link elementor-size-sm elementor-animation-grow\" href=\"https:\/\/latamcongress.straumann.com\/es\/rutas-de-contenido\/\">\n\t\t\t\t\t\t<span class=\"elementor-button-content-wrapper\">\n\t\t\t\t\t\t\t\t\t<span class=\"elementor-button-text\">Rutas de conocimiento<\/span>\n\t\t\t\t\t<\/span>\n\t\t\t\t\t<\/a>\n\t\t\t\t<\/div>\n\t\t\t\t\t\t\t\t<\/div>\n\t\t\t\t<\/div>\n\t\t\t\t<div class=\"elementor-element elementor-element-3e10271 elementor-widget elementor-widget-button\" data-id=\"3e10271\" data-element_type=\"widget\" data-widget_type=\"button.default\">\n\t\t\t\t<div class=\"elementor-widget-container\">\n\t\t\t\t\t\t\t\t\t<div class=\"elementor-button-wrapper\">\n\t\t\t\t\t<a class=\"elementor-button elementor-button-link elementor-size-sm elementor-animation-grow\" href=\"https:\/\/latamcongress.straumann.com\/es\/descubra-los-paquetes-de-registro\/\">\n\t\t\t\t\t\t<span class=\"elementor-button-content-wrapper\">\n\t\t\t\t\t\t\t\t\t<span class=\"elementor-button-text\">Paquetes de precios<\/span>\n\t\t\t\t\t<\/span>\n\t\t\t\t\t<\/a>\n\t\t\t\t<\/div>\n\t\t\t\t\t\t\t\t<\/div>\n\t\t\t\t<\/div>\n\t\t\t\t\t<\/div>\n\t\t\t\t<\/div>\n\t\t\t\t\t<\/div>\n\t\t\t\t<\/div>\n\t\t\t\t<\/div>\n\t\t","protected":false},"excerpt":{"rendered":"<p>8 y 9 de mayo 2025, Hotel Paradisus Palma Real, Punta Cana STRAUMANN LATAM CONGRESS Un evento inolvidable, con networking y discusiones cient\u00edficas al nivel del l\u00edder global de confianza en implantolog\u00eda. FOTOS DEL EVENTO EL PRINCIPAL EVENTO DE IMPLANTOLOG\u00cdA DENTAL El Straumann Latam Congress presenta lo mejor en innovaci\u00f3n, ciencia, est\u00e9tica y transformaci\u00f3n digital [&hellip;]<\/p>\n","protected":false},"author":1,"featured_media":0,"parent":0,"menu_order":0,"comment_status":"closed","ping_status":"closed","template":"","meta":{"footnotes":""},"class_list":["post-2478","page","type-page","status-publish","hentry"],"_links":{"self":[{"href":"https:\/\/latamcongress.straumann.com\/es\/wp-json\/wp\/v2\/pages\/2478","targetHints":{"allow":["GET"]}}],"collection":[{"href":"https:\/\/latamcongress.straumann.com\/es\/wp-json\/wp\/v2\/pages"}],"about":[{"href":"https:\/\/latamcongress.straumann.com\/es\/wp-json\/wp\/v2\/types\/page"}],"author":[{"embeddable":true,"href":"https:\/\/latamcongress.straumann.com\/es\/wp-json\/wp\/v2\/users\/1"}],"replies":[{"embeddable":true,"href":"https:\/\/latamcongress.straumann.com\/es\/wp-json\/wp\/v2\/comments?post=2478"}],"version-history":[{"count":17,"href":"https:\/\/latamcongress.straumann.com\/es\/wp-json\/wp\/v2\/pages\/2478\/revisions"}],"predecessor-version":[{"id":3032,"href":"https:\/\/latamcongress.straumann.com\/es\/wp-json\/wp\/v2\/pages\/2478\/revisions\/3032"}],"wp:attachment":[{"href":"https:\/\/latamcongress.straumann.com\/es\/wp-json\/wp\/v2\/media?parent=2478"}],"curies":[{"name":"wp","href":"https:\/\/api.w.org\/{rel}","templated":true}]}}